{"id":30301,"date":"2022-11-06T12:46:59","date_gmt":"2022-11-06T12:46:59","guid":{"rendered":"https:\/\/congresoterapiaocupacional.umh.es\/?page_id=30301"},"modified":"2024-02-05T18:30:16","modified_gmt":"2024-02-05T18:30:16","slug":"evaluateur","status":"publish","type":"page","link":"https:\/\/congresoterapiaocupacional.umh.es\/fr\/evaluateur\/","title":{"rendered":"\u00c9valuateur"},"content":{"rendered":"<p>[et_pb_section fb_built=\u00a0\u00bb1&Prime; admin_label=\u00a0\u00bbsection\u00a0\u00bb _builder_version=\u00a0\u00bb4.16&Prime; global_colors_info=\u00a0\u00bb{}\u00a0\u00bb][et_pb_row admin_label=\u00a0\u00bbrow\u00a0\u00bb _builder_version=\u00a0\u00bb4.16&Prime; background_size=\u00a0\u00bbinitial\u00a0\u00bb background_position=\u00a0\u00bbtop_left\u00a0\u00bb background_repeat=\u00a0\u00bbrepeat\u00a0\u00bb global_colors_info=\u00a0\u00bb{}\u00a0\u00bb][et_pb_column type=\u00a0\u00bb4_4&Prime; _builder_version=\u00a0\u00bb4.16&Prime; custom_padding=\u00a0\u00bb|||\u00a0\u00bb global_colors_info=\u00a0\u00bb{}\u00a0\u00bb custom_padding__hover=\u00a0\u00bb|||\u00a0\u00bb][et_pb_text admin_label=\u00a0\u00bbTexto\u00a0\u00bb _builder_version=\u00a0\u00bb4.17.4&Prime; text_text_color=\u00a0\u00bb#7a26a8&Prime; text_font_size=\u00a0\u00bb25&Prime; background_size=\u00a0\u00bbinitial\u00a0\u00bb background_position=\u00a0\u00bbtop_left\u00a0\u00bb background_repeat=\u00a0\u00bbrepeat\u00a0\u00bb use_border_color=\u00a0\u00bboff\u00a0\u00bb border_color=\u00a0\u00bb#ffffff\u00a0\u00bb border_style=\u00a0\u00bbsolid\u00a0\u00bb global_colors_info=\u00a0\u00bb{}\u00a0\u00bb]<\/p>\n<p style=\"text-align: center\"><strong>INSCRIPTION \u00c9VALUATEURS EXTERNES DU XII CONGR\u00c8S INTERNATIONAL DES \u00c9TUDIANTS EN ERGOTH\u00c9RAPIE<\/strong><\/p>\n<p>[\/et_pb_text][et_pb_text admin_label=\u00a0\u00bbTexto\u00a0\u00bb _builder_version=\u00a0\u00bb4.17.4&Prime; background_size=\u00a0\u00bbinitial\u00a0\u00bb background_position=\u00a0\u00bbtop_left\u00a0\u00bb background_repeat=\u00a0\u00bbrepeat\u00a0\u00bb use_border_color=\u00a0\u00bboff\u00a0\u00bb border_color=\u00a0\u00bb#ffffff\u00a0\u00bb border_style=\u00a0\u00bbsolid\u00a0\u00bb global_colors_info=\u00a0\u00bb{}\u00a0\u00bb]La collaboration d&rsquo;examinateurs externes dans l&rsquo;\u00e9valuation des communications re\u00e7ues est essentielle pour garantir la qualit\u00e9 scientifique de ce congr\u00e8s.<br \/>\n[\/et_pb_text][et_pb_text admin_label=\u00a0\u00bbTexto\u00a0\u00bb _builder_version=\u00a0\u00bb4.17.4&Prime; background_size=\u00a0\u00bbinitial\u00a0\u00bb background_position=\u00a0\u00bbtop_left\u00a0\u00bb background_repeat=\u00a0\u00bbrepeat\u00a0\u00bb use_border_color=\u00a0\u00bboff\u00a0\u00bb border_color=\u00a0\u00bb#ffffff\u00a0\u00bb border_style=\u00a0\u00bbsolid\u00a0\u00bb global_colors_info=\u00a0\u00bb{}\u00a0\u00bb]<strong>Que signifie \u00eatre un \u00e9valuateur externe?<\/strong><br \/>\n[\/et_pb_text][et_pb_text admin_label=\u00a0\u00bbTexto\u00a0\u00bb _builder_version=\u00a0\u00bb4.17.4&Prime; background_size=\u00a0\u00bbinitial\u00a0\u00bb background_position=\u00a0\u00bbtop_left\u00a0\u00bb background_repeat=\u00a0\u00bbrepeat\u00a0\u00bb use_border_color=\u00a0\u00bboff\u00a0\u00bb border_color=\u00a0\u00bb#ffffff\u00a0\u00bb border_style=\u00a0\u00bbsolid\u00a0\u00bb global_colors_info=\u00a0\u00bb{}\u00a0\u00bb]<\/p>\n<ul>\n<li>La participation en tant qu&rsquo;examinateur implique un engagement \u00e0 effectuer les \u00e9valuations de mani\u00e8re impartiale, rigoureuse et ponctuelle.<\/li>\n<li>Une fois les communications attribu\u00e9es aux relecteurs, ceux-ci disposeront d&rsquo;un d\u00e9lai maximum de 1 semaine pour leur \u00e9valuation.<\/li>\n<li>L&rsquo;examen externe sera r\u00e9alis\u00e9 dans des conditions d&rsquo;anonymat en double aveugle et sera \u00e9valu\u00e9 de mani\u00e8re ind\u00e9pendante par au moins deux personnes, intervenant une troisi\u00e8me (membre du comit\u00e9 scientifique) en cas d&rsquo;\u00e9cart.<\/li>\n<li>En cas de r\u00e9ception de toute communication dans laquelle il existe un type de conflit d&rsquo;int\u00e9r\u00eats susceptible d&rsquo;influencer l&rsquo;\u00e9valuation, elle sera imm\u00e9diatement communiqu\u00e9e au Comit\u00e9 Scientifique.<\/li>\n<li>L&rsquo;\u00e9valuation se fera en ligne via un formulaire auquel les \u00e9valuateurs pourront acc\u00e9der via un lien d&rsquo;acc\u00e8s qu&rsquo;ils recevront par e-mail.<\/li>\n<li>Le travail des \u00e9valuateurs externes sera reconnu par la remise d&rsquo;un certificat personnel de collaboration, en plus de la publication de leurs noms dans le livre qui sera publi\u00e9 ult\u00e9rieurement avec toutes les communications du congr\u00e8s.<\/li>\n<\/ul>\n<p>[\/et_pb_text][et_pb_text admin_label=\u00a0\u00bbTexto\u00a0\u00bb _builder_version=\u00a0\u00bb4.17.4&Prime; background_size=\u00a0\u00bbinitial\u00a0\u00bb background_position=\u00a0\u00bbtop_left\u00a0\u00bb background_repeat=\u00a0\u00bbrepeat\u00a0\u00bb use_border_color=\u00a0\u00bboff\u00a0\u00bb border_color=\u00a0\u00bb#ffffff\u00a0\u00bb border_style=\u00a0\u00bbsolid\u00a0\u00bb global_colors_info=\u00a0\u00bb{}\u00a0\u00bb]<strong>Qui peut participer en tant qu&rsquo;\u00e9valuateur externe?<\/strong><br \/>\n[\/et_pb_text][et_pb_text admin_label=\u00a0\u00bbTexto\u00a0\u00bb _builder_version=\u00a0\u00bb4.17.4&Prime; background_size=\u00a0\u00bbinitial\u00a0\u00bb background_position=\u00a0\u00bbtop_left\u00a0\u00bb background_repeat=\u00a0\u00bbrepeat\u00a0\u00bb use_border_color=\u00a0\u00bboff\u00a0\u00bb border_color=\u00a0\u00bb#ffffff\u00a0\u00bb border_style=\u00a0\u00bbsolid\u00a0\u00bb global_colors_info=\u00a0\u00bb{}\u00a0\u00bb]Tout professionnel remplissant au moins une des conditions suivantes :<\/p>\n<ul>\n<li>Avoir plus de 5 ans d&rsquo;exp\u00e9rience professionnelle en tant qu&rsquo;ergoth\u00e9rapeute.<\/li>\n<li>Soyez m\u00e9decin.<\/li>\n<li>Avoir au moins une publication dans des revues index\u00e9es dans le Journal Citation Index (JRC)<\/li>\n<li>Avoir un projet avec financement.<\/li>\n<\/ul>\n<p>[\/et_pb_text][et_pb_text admin_label=\u00a0\u00bbTexto\u00a0\u00bb _builder_version=\u00a0\u00bb4.17.4&Prime; background_size=\u00a0\u00bbinitial\u00a0\u00bb background_position=\u00a0\u00bbtop_left\u00a0\u00bb background_repeat=\u00a0\u00bbrepeat\u00a0\u00bb use_border_color=\u00a0\u00bboff\u00a0\u00bb border_color=\u00a0\u00bb#ffffff\u00a0\u00bb border_style=\u00a0\u00bbsolid\u00a0\u00bb global_colors_info=\u00a0\u00bb{}\u00a0\u00bb]<strong>Quels sont les crit\u00e8res d&rsquo;\u00e9valuation que vous aurez \u00e0 g\u00e9rer?<\/strong><br \/>\n[\/et_pb_text][et_pb_text admin_label=\u00a0\u00bbTexto\u00a0\u00bb _builder_version=\u00a0\u00bb4.17.4&Prime; background_size=\u00a0\u00bbinitial\u00a0\u00bb background_position=\u00a0\u00bbtop_left\u00a0\u00bb background_repeat=\u00a0\u00bbrepeat\u00a0\u00bb use_border_color=\u00a0\u00bboff\u00a0\u00bb border_color=\u00a0\u00bb#ffffff\u00a0\u00bb border_style=\u00a0\u00bbsolid\u00a0\u00bb global_colors_info=\u00a0\u00bb{}\u00a0\u00bb]Dans l&rsquo;\u00e9valuation des travaux, il faut tenir compte du fait que, dans ce congr\u00e8s, les communications scientifiques qui pr\u00e9sentent les r\u00e9sultats d&rsquo;\u00e9tudes de recherche, de nouveaux d\u00e9veloppements m\u00e9thodologiques ou les r\u00e9sultats d&rsquo;exp\u00e9riences innovantes (nouveaux programmes, interventions, approches d&rsquo;un probl\u00e8me, etc. .) sont accept\u00e9s dans l&rsquo;un des domaines th\u00e9matiques de l&rsquo;ergoth\u00e9rapie.<\/p>\n<p>En raison de ce qui pr\u00e9c\u00e8de, les \u00e9valuateurs doivent tenir compte des crit\u00e8res suivants pour l&rsquo;\u00e9valuation des communications pr\u00e9sent\u00e9es \u00e0 ce congr\u00e8s:<br \/>\n[\/et_pb_text][et_pb_divider show_divider=\u00a0\u00bboff\u00a0\u00bb disabled_on=\u00a0\u00bbon|on|off\u00a0\u00bb admin_label=\u00a0\u00bbSeparador\u00a0\u00bb _builder_version=\u00a0\u00bb4.16&Prime; hide_on_mobile=\u00a0\u00bbon\u00a0\u00bb global_colors_info=\u00a0\u00bb{}\u00a0\u00bb][\/et_pb_divider][et_pb_text admin_label=\u00a0\u00bbTexto\u00a0\u00bb _builder_version=\u00a0\u00bb4.17.4&Prime; background_size=\u00a0\u00bbinitial\u00a0\u00bb background_position=\u00a0\u00bbtop_left\u00a0\u00bb background_repeat=\u00a0\u00bbrepeat\u00a0\u00bb use_border_color=\u00a0\u00bboff\u00a0\u00bb border_color=\u00a0\u00bb#ffffff\u00a0\u00bb border_style=\u00a0\u00bbsolid\u00a0\u00bb global_colors_info=\u00a0\u00bb{}\u00a0\u00bb]<strong>CRIT\u00c8RES D&rsquo;\u00c9VALUATION DES COMMUNICATIONS<\/strong><br \/>\n[\/et_pb_text][et_pb_text admin_label=\u00a0\u00bbTexto\u00a0\u00bb _builder_version=\u00a0\u00bb4.17.4&Prime; background_size=\u00a0\u00bbinitial\u00a0\u00bb background_position=\u00a0\u00bbtop_left\u00a0\u00bb background_repeat=\u00a0\u00bbrepeat\u00a0\u00bb use_border_color=\u00a0\u00bboff\u00a0\u00bb border_color=\u00a0\u00bb#ffffff\u00a0\u00bb border_style=\u00a0\u00bbsolid\u00a0\u00bb global_colors_info=\u00a0\u00bb{}\u00a0\u00bb]Tous les r\u00e9sum\u00e9s re\u00e7us pour pr\u00e9sentation sous forme de communications orales ou de posters seront \u00e9valu\u00e9s par deux \u00e9valuateurs ind\u00e9pendants et le Comit\u00e9 Scientifique de mani\u00e8re anonyme, sans conna\u00eetre le nom des auteurs des travaux et des institutions auxquelles ils appartiennent, selon les crit\u00e8res suivants:<br \/>\n[\/et_pb_text][et_pb_text admin_label=\u00a0\u00bbTexto\u00a0\u00bb _builder_version=\u00a0\u00bb4.17.4&Prime; background_color=\u00a0\u00bbrgba(143,167,191,0.18)\u00a0\u00bb background_size=\u00a0\u00bbinitial\u00a0\u00bb background_position=\u00a0\u00bbtop_left\u00a0\u00bb background_repeat=\u00a0\u00bbrepeat\u00a0\u00bb use_border_color=\u00a0\u00bboff\u00a0\u00bb border_color=\u00a0\u00bb#ffffff\u00a0\u00bb border_style=\u00a0\u00bbsolid\u00a0\u00bb global_colors_info=\u00a0\u00bb{}\u00a0\u00bb]<strong>\u00a0<\/strong><\/p>\n<table>\n<tbody>\n<tr>\n<td><strong>CRIT\u00c8RES DE COMMUNICATION<\/strong><\/td>\n<td><strong>POINTS<\/strong><\/td>\n<\/tr>\n<tr>\n<td>\n<ol>\n<li style=\"font-weight: 400\">Des objectifs r\u00e9alisables et clairement formul\u00e9s.<\/li>\n<\/ol>\n<\/td>\n<td><span style=\"font-weight: 400\">0-1<\/span><\/td>\n<\/tr>\n<tr>\n<td>\n<ol>\n<li style=\"font-weight: 400\">Conception et m\u00e9thodologie appropri\u00e9es aux objectifs et bien d\u00e9crites \/ Conception appropri\u00e9e de l&rsquo;exp\u00e9rience pour atteindre l&rsquo;objectif propos\u00e9 (plausibilit\u00e9 d&rsquo;atteindre l&rsquo;effet souhait\u00e9).<\/li>\n<\/ol>\n<\/td>\n<td><span style=\"font-weight: 400\">0-3<\/span><\/td>\n<\/tr>\n<tr>\n<td>\n<ol>\n<li style=\"font-weight: 400\">Pr\u00e9sentation claire des r\u00e9sultats \/ Caract\u00e9ristiques de l&rsquo;exp\u00e9rience (activit\u00e9s, ressources, processus) rapport\u00e9es clairement et \u00e9valuation effectu\u00e9e correctement.<\/li>\n<\/ol>\n<\/td>\n<td><span style=\"font-weight: 400\">0-2<\/span><\/td>\n<\/tr>\n<tr>\n<td>\n<ol>\n<li style=\"font-weight: 400\">Conclusions \/ Recommandations<\/li>\n<\/ol>\n<\/td>\n<td><span style=\"font-weight: 400\">0-2<\/span><\/td>\n<\/tr>\n<tr>\n<td>\n<ol>\n<li style=\"font-weight: 400\">Pertinence du sujet *<\/li>\n<\/ol>\n<\/td>\n<td><span style=\"font-weight: 400\">0-2<\/span><\/td>\n<\/tr>\n<tr>\n<td>\n<ol>\n<li style=\"font-weight: 400\">Innovation **<\/li>\n<\/ol>\n<\/td>\n<td><span style=\"font-weight: 400\">0-2<\/span><\/td>\n<\/tr>\n<tr>\n<td><b>TOTAL<\/b><\/td>\n<td><b>0-12<\/b><\/td>\n<\/tr>\n<\/tbody>\n<\/table>\n<p>[\/et_pb_text][\/et_pb_column][\/et_pb_row][et_pb_row admin_label=\u00a0\u00bbFila\u00a0\u00bb _builder_version=\u00a0\u00bb4.16&Prime; background_size=\u00a0\u00bbinitial\u00a0\u00bb background_position=\u00a0\u00bbtop_left\u00a0\u00bb background_repeat=\u00a0\u00bbrepeat\u00a0\u00bb global_colors_info=\u00a0\u00bb{}\u00a0\u00bb][et_pb_column type=\u00a0\u00bb4_4&Prime; _builder_version=\u00a0\u00bb4.16&Prime; custom_padding=\u00a0\u00bb|||\u00a0\u00bb global_colors_info=\u00a0\u00bb{}\u00a0\u00bb custom_padding__hover=\u00a0\u00bb|||\u00a0\u00bb][et_pb_text admin_label=\u00a0\u00bbTexto\u00a0\u00bb _builder_version=\u00a0\u00bb4.17.4&Prime; background_size=\u00a0\u00bbinitial\u00a0\u00bb background_position=\u00a0\u00bbtop_left\u00a0\u00bb background_repeat=\u00a0\u00bbrepeat\u00a0\u00bb use_border_color=\u00a0\u00bboff\u00a0\u00bb border_color=\u00a0\u00bb#ffffff\u00a0\u00bb border_style=\u00a0\u00bbsolid\u00a0\u00bb global_colors_info=\u00a0\u00bb{}\u00a0\u00bb]<strong>*Ligne directrice pour \u00e9valuer la pertinence:<\/strong><br \/>\n[\/et_pb_text][et_pb_text admin_label=\u00a0\u00bbTexto\u00a0\u00bb _builder_version=\u00a0\u00bb4.17.4&Prime; background_size=\u00a0\u00bbinitial\u00a0\u00bb background_position=\u00a0\u00bbtop_left\u00a0\u00bb background_repeat=\u00a0\u00bbrepeat\u00a0\u00bb use_border_color=\u00a0\u00bboff\u00a0\u00bb border_color=\u00a0\u00bb#ffffff\u00a0\u00bb border_style=\u00a0\u00bbsolid\u00a0\u00bb global_colors_info=\u00a0\u00bb{}\u00a0\u00bb]Un travail est pertinent si le sujet \u00e9tudi\u00e9 est li\u00e9 \u00e0 un probl\u00e8me actuel et les r\u00e9sultats donn\u00e9s dans la r\u00e9solution apportent quelque chose au domaine de l&rsquo;ergoth\u00e9rapie et, si possible, \u00e0 la soci\u00e9t\u00e9. Un emploi sera consid\u00e9r\u00e9 comme pertinent si:<br \/>\n[\/et_pb_text][et_pb_text admin_label=\u00a0\u00bbTexto\u00a0\u00bb _builder_version=\u00a0\u00bb4.17.4&Prime; background_size=\u00a0\u00bbinitial\u00a0\u00bb background_position=\u00a0\u00bbtop_left\u00a0\u00bb background_repeat=\u00a0\u00bbrepeat\u00a0\u00bb use_border_color=\u00a0\u00bboff\u00a0\u00bb border_color=\u00a0\u00bb#ffffff\u00a0\u00bb border_style=\u00a0\u00bbsolid\u00a0\u00bb global_colors_info=\u00a0\u00bb{}\u00a0\u00bb]<\/p>\n<ul>\n<li style=\"font-weight: 400\">Apportez des id\u00e9es importantes.<\/li>\n<li style=\"font-weight: 400\">G\u00e9n\u00e8re des th\u00e9ories qui permettent la cr\u00e9ation de nouvelles hypoth\u00e8ses.<\/li>\n<li style=\"font-weight: 400\">Les r\u00e9sultats sont applicables au-del\u00e0 de la port\u00e9e de l&rsquo;\u00e9tude elle-m\u00eame.<\/li>\n<li style=\"font-weight: 400\">Les conclusions sont importantes et sugg\u00e8rent des avantages sociaux et\/ou scientifiques.<\/li>\n<li style=\"font-weight: 400\">L&rsquo;exp\u00e9rience de pratique de l&rsquo;ergoth\u00e9rapie pr\u00e9sent\u00e9e a des implications appr\u00e9ciables pour le d\u00e9veloppement professionnel.<\/li>\n<\/ul>\n<p>[\/et_pb_text][et_pb_text admin_label=\u00a0\u00bbTexto\u00a0\u00bb _builder_version=\u00a0\u00bb4.17.4&Prime; background_size=\u00a0\u00bbinitial\u00a0\u00bb background_position=\u00a0\u00bbtop_left\u00a0\u00bb background_repeat=\u00a0\u00bbrepeat\u00a0\u00bb use_border_color=\u00a0\u00bboff\u00a0\u00bb border_color=\u00a0\u00bb#ffffff\u00a0\u00bb border_style=\u00a0\u00bbsolid\u00a0\u00bb global_colors_info=\u00a0\u00bb{}\u00a0\u00bb]<strong>**Guide pour l&rsquo;\u00e9valuation de l&rsquo;innovation:<\/strong><br \/>\n[\/et_pb_text][et_pb_text admin_label=\u00a0\u00bbTexto\u00a0\u00bb _builder_version=\u00a0\u00bb4.17.4&Prime; background_size=\u00a0\u00bbinitial\u00a0\u00bb background_position=\u00a0\u00bbtop_left\u00a0\u00bb background_repeat=\u00a0\u00bbrepeat\u00a0\u00bb use_border_color=\u00a0\u00bboff\u00a0\u00bb border_color=\u00a0\u00bb#ffffff\u00a0\u00bb border_style=\u00a0\u00bbsolid\u00a0\u00bb global_colors_info=\u00a0\u00bb{}\u00a0\u00bb]Un travail est innovant s&rsquo;il s&rsquo;agit d&rsquo;un sujet ou d&rsquo;une m\u00e9thodologie, d&rsquo;une approche ou d&rsquo;un sc\u00e9nario, entre autres, il est innovant dans certains aspects de ce qui a \u00e9t\u00e9 \u00e9tudi\u00e9 et publi\u00e9 \u00e0 cet \u00e9gard. Une \u0153uvre sera consid\u00e9r\u00e9e comme innovante si:<br \/>\n[\/et_pb_text][et_pb_text admin_label=\u00a0\u00bbTexto\u00a0\u00bb _builder_version=\u00a0\u00bb4.17.4&Prime; background_size=\u00a0\u00bbinitial\u00a0\u00bb background_position=\u00a0\u00bbtop_left\u00a0\u00bb background_repeat=\u00a0\u00bbrepeat\u00a0\u00bb hover_enabled=\u00a0\u00bb0&Prime; use_border_color=\u00a0\u00bboff\u00a0\u00bb border_color=\u00a0\u00bb#ffffff\u00a0\u00bb border_style=\u00a0\u00bbsolid\u00a0\u00bb global_colors_info=\u00a0\u00bb{}\u00a0\u00bb sticky_enabled=\u00a0\u00bb0&Prime;]<\/p>\n<ul>\n<li>Fournit de nouvelles connaissances.<\/li>\n<li>Certains aspects de l&rsquo;\u00e9tude sont nouveaux ou apportent un nouveau point de vue sur ce qui existe d\u00e9j\u00e0.<\/li>\n<li>La r\u00e9p\u00e9tition de l&rsquo;\u00e9tude peut \u00eatre justifi\u00e9e pour n&rsquo;importe quelle raison.<\/li>\n<li>C&rsquo;est une mise \u00e0 jour d&rsquo;anciennes \u00e9tudes.<\/li>\n<li>Pr\u00e9sente une exp\u00e9rience de pratique novatrice en ergoth\u00e9rapie.<\/li>\n<\/ul>\n<p>[\/et_pb_text][\/et_pb_column][\/et_pb_row][et_pb_row admin_label=\u00a0\u00bbFila\u00a0\u00bb _builder_version=\u00a0\u00bb4.16&Prime; background_size=\u00a0\u00bbinitial\u00a0\u00bb background_position=\u00a0\u00bbtop_left\u00a0\u00bb background_repeat=\u00a0\u00bbrepeat\u00a0\u00bb global_colors_info=\u00a0\u00bb{}\u00a0\u00bb][et_pb_column type=\u00a0\u00bb4_4&Prime; _builder_version=\u00a0\u00bb4.16&Prime; custom_padding=\u00a0\u00bb|||\u00a0\u00bb global_colors_info=\u00a0\u00bb{}\u00a0\u00bb custom_padding__hover=\u00a0\u00bb|||\u00a0\u00bb][et_pb_text admin_label=\u00a0\u00bbTexto\u00a0\u00bb _builder_version=\u00a0\u00bb4.17.4&Prime; background_size=\u00a0\u00bbinitial\u00a0\u00bb background_position=\u00a0\u00bbtop_left\u00a0\u00bb background_repeat=\u00a0\u00bbrepeat\u00a0\u00bb hover_enabled=\u00a0\u00bb0&Prime; use_border_color=\u00a0\u00bboff\u00a0\u00bb border_color=\u00a0\u00bb#ffffff\u00a0\u00bb border_style=\u00a0\u00bbsolid\u00a0\u00bb global_colors_info=\u00a0\u00bb{}\u00a0\u00bb sticky_enabled=\u00a0\u00bb0&Prime;]<\/p>\n<p><strong>Comment s&rsquo;inscrire en tant qu&rsquo;\u00e9valuateur externe?<\/strong><\/p>\n<p>Pour vous inscrire en tant qu&rsquo;\u00e9valuateur externe, vous devez cliquer sur le lien suivant et remplir le formulaire. La p\u00e9riode d&rsquo;inscription se terminera le 21\/01\/2024.<\/p>\n<p>[\/et_pb_text][et_pb_button button_url=\u00a0\u00bbhttps:\/\/docs.google.com\/forms\/d\/e\/1FAIpQLSdFNkMzdyH9WbHokyEnWbjOWzuJnWtErZZSwtiLi0rehQAadg\/viewform\u00a0\u00bb button_text=\u00a0\u00bbFORMULAIRE D&rsquo;INSCRIPTION COMME \u00c9VALUATEUR EXTERNE\u00a0\u00bb _builder_version=\u00a0\u00bb4.17.4&Prime; _module_preset=\u00a0\u00bbdefault\u00a0\u00bb hover_enabled=\u00a0\u00bb0&Prime; global_colors_info=\u00a0\u00bb{}\u00a0\u00bb sticky_enabled=\u00a0\u00bb0&Prime;][\/et_pb_button][et_pb_text _builder_version=\u00a0\u00bb4.17.4&Prime; _module_preset=\u00a0\u00bbdefault\u00a0\u00bb hover_enabled=\u00a0\u00bb0&Prime; global_colors_info=\u00a0\u00bb{}\u00a0\u00bb sticky_enabled=\u00a0\u00bb0&Prime;]<\/p>\n<p>Du 22\/04\/2024 au 28\/04\/2024 les r\u00e9solutions des \u00e9valuations des communications de type oral et poster seront communiqu\u00e9es.<\/p>\n<p>[\/et_pb_text][\/et_pb_column][\/et_pb_row][\/et_pb_section]<\/p>\n","protected":false},"excerpt":{"rendered":"<p>INSCRIPTION \u00c9VALUATEURS EXTERNES DU XII CONGR\u00c8S INTERNATIONAL DES \u00c9TUDIANTS EN ERGOTH\u00c9RAPIE La collaboration d&rsquo;examinateurs externes dans l&rsquo;\u00e9valuation des communications re\u00e7ues est essentielle pour garantir la qualit\u00e9 scientifique de ce congr\u00e8s. Que signifie \u00eatre un \u00e9valuateur externe? La participation en tant qu&rsquo;examinateur implique un engagement \u00e0 effectuer les \u00e9valuations de mani\u00e8re impartiale, rigoureuse et ponctuelle. Une [&hellip;]<\/p>\n","protected":false},"author":23339,"featured_media":0,"parent":0,"menu_order":0,"comment_status":"open","ping_status":"open","template":"","meta":{"_et_pb_use_builder":"on","_et_pb_old_content":"<p>[et_pb_section fb_built=\"1\" admin_label=\"section\" _builder_version=\"4.16\" global_colors_info=\"{}\"][et_pb_row admin_label=\"row\" _builder_version=\"4.16\" background_size=\"initial\" background_position=\"top_left\" background_repeat=\"repeat\" global_colors_info=\"{}\"][et_pb_column type=\"4_4\" _builder_version=\"4.16\" custom_padding=\"|||\" global_colors_info=\"{}\" custom_padding__hover=\"|||\"][et_pb_text admin_label=\"Texto\" _builder_version=\"4.17.4\" text_text_color=\"#7a26a8\" text_font_size=\"25\" background_size=\"initial\" background_position=\"top_left\" background_repeat=\"repeat\" use_border_color=\"off\" border_color=\"#ffffff\" border_style=\"solid\" global_colors_info=\"{}\"]<\/p><p style=\"text-align: center;\"><strong><b>INSCRIPCIONES EVALUADORES\/AS EXTERNOS\/AS DEL XII CONGRESO INTERNACIONAL DE ESTUDIANTES DE TERAPIA OCUPACIONAL<\/b><\/strong><\/p><p>[\/et_pb_text][et_pb_text admin_label=\"Texto\" _builder_version=\"4.16\" background_size=\"initial\" background_position=\"top_left\" background_repeat=\"repeat\" use_border_color=\"off\" border_color=\"#ffffff\" border_style=\"solid\" global_colors_info=\"{}\"]<strong><span style=\"font-weight: 400;\">La colaboraci\u00f3n de revisores\/as externos\/as en la evaluaci\u00f3n de las comunicaciones recibidas es indispensable para garantizar la calidad cient\u00edfica de este congreso.<\/span><\/strong><br \/>[\/et_pb_text][et_pb_text admin_label=\"Texto\" _builder_version=\"4.16\" background_size=\"initial\" background_position=\"top_left\" background_repeat=\"repeat\" use_border_color=\"off\" border_color=\"#ffffff\" border_style=\"solid\" global_colors_info=\"{}\"]<strong><b>\u00bfQu\u00e9 implica ser evaluador\/a externo\/a?<\/b><\/strong><br \/>[\/et_pb_text][et_pb_text admin_label=\"Texto\" _builder_version=\"4.16\" background_size=\"initial\" background_position=\"top_left\" background_repeat=\"repeat\" use_border_color=\"off\" border_color=\"#ffffff\" border_style=\"solid\" global_colors_info=\"{}\"]<\/p><ul><li><b><span style=\"font-weight: 400;\">La participaci\u00f3n como revisor\/a implica el compromiso de realizar las evaluaciones de manera imparcial, rigurosa y puntual.<\/span><\/b><\/li><\/ul><ul><li><span style=\"font-weight: 400;\">Una vez asignadas las comunicaciones a los\/as revisores\/as, dispondr\u00e1n de un tiempo m\u00e1ximo de 1 semana para su evaluaci\u00f3n.<\/span><\/li><\/ul><ul><li><span style=\"font-weight: 400;\">La revisi\u00f3n externa se realizar\u00e1 bajo condiciones de anonimato a doble ciego y ser\u00e1n evaluadas independientemente por al menos dos personas, interviniendo una tercera (miembro del comit\u00e9 cient\u00edfico) cuando haya discrepancia.<\/span><\/li><\/ul><ul><li><span style=\"font-weight: 400;\">En caso de recibir alguna comunicaci\u00f3n en que se tenga cualquier tipo de conflicto de inter\u00e9s que pueda influir sobre la evaluaci\u00f3n, se comunicar\u00e1 inmediatamente al Comit\u00e9 Cient\u00edfico.<\/span><\/li><\/ul><ul><li><span style=\"font-weight: 400;\">La evaluaci\u00f3n se realizar\u00e1 on-line mediante un formulario al que podr\u00e1n acceder los\/as revisores\/as mediante un enlace de acceso que recibir\u00e1n por correo electr\u00f3nico.<\/span><\/li><\/ul><ul><li><span style=\"font-weight: 400;\">El trabajo de las personas evaluadoras externas se reconocer\u00e1 con la entrega de un certificado personal de colaboraci\u00f3n, adem\u00e1s de la publicaci\u00f3n de sus nombres en el libro que se publicar\u00e1 posteriormente con todas las comunicaciones del congreso.<\/span><\/li><\/ul><p>[\/et_pb_text][et_pb_text admin_label=\"Texto\" _builder_version=\"4.16\" background_size=\"initial\" background_position=\"top_left\" background_repeat=\"repeat\" use_border_color=\"off\" border_color=\"#ffffff\" border_style=\"solid\" global_colors_info=\"{}\"]<strong><b>\u00bfQui\u00e9n puede participar como evaluador\/a externo\/a?<\/b><\/strong><br \/>[\/et_pb_text][et_pb_text admin_label=\"Texto\" _builder_version=\"4.16\" background_size=\"initial\" background_position=\"top_left\" background_repeat=\"repeat\" use_border_color=\"off\" border_color=\"#ffffff\" border_style=\"solid\" global_colors_info=\"{}\"]<span style=\"font-weight: 400;\">Cualquier profesional que cumpla, <\/span><b>al menos, uno<\/b><span style=\"font-weight: 400;\"> de los siguientes requisitos:<\/span><\/p><ul><li style=\"font-weight: 400;\"><span style=\"font-weight: 400;\">Poseer m\u00e1s de 5 a\u00f1os de experiencia profesional como terapeuta ocupacional.<\/span><\/li><li style=\"font-weight: 400;\">Ser doctor\/a.<\/li><li style=\"font-weight: 400;\"><span style=\"font-weight: 400;\">Tener al menos una publicaci\u00f3n en revistas indexadas en Journal Citation Index (JRC)<\/span><\/li><li style=\"font-weight: 400;\"><span style=\"font-weight: 400;\">Tener un proyecto con financiaci\u00f3n.<\/span><\/li><\/ul><p>[\/et_pb_text][et_pb_text admin_label=\"Texto\" _builder_version=\"4.16\" background_size=\"initial\" background_position=\"top_left\" background_repeat=\"repeat\" use_border_color=\"off\" border_color=\"#ffffff\" border_style=\"solid\" global_colors_info=\"{}\"]<strong><b>\u00bfCu\u00e1les son los criterios de evaluaci\u00f3n que tendr\u00e1 que manejar?<\/b><\/strong><br \/>[\/et_pb_text][et_pb_text admin_label=\"Texto\" _builder_version=\"4.16\" background_size=\"initial\" background_position=\"top_left\" background_repeat=\"repeat\" use_border_color=\"off\" border_color=\"#ffffff\" border_style=\"solid\" global_colors_info=\"{}\"]<span style=\"font-weight: 400;\">En la evaluaci\u00f3n de los trabajos hay que tener en cuenta que, en este congreso, se aceptan comunicaciones cient\u00edficas que presentan resultados de estudios de investigaci\u00f3n, nuevos desarrollos metodol\u00f3gicos o resultados de experiencias innovadoras (nuevos programas, intervenciones, abordajes de un problema, etc.) en cualquiera de las \u00e1reas tem\u00e1ticas de la terapia ocupacional.<\/span><\/p><p><span style=\"font-weight: 400;\">Por lo anteriormente mencionado, los evaluadores deber\u00e1n de tener en cuenta los siguientes criterios para la evaluaci\u00f3n de trabajos presentados en este congreso:<\/span><br \/>[\/et_pb_text][et_pb_divider show_divider=\"off\" disabled_on=\"on|on|off\" admin_label=\"Separador\" _builder_version=\"4.16\" hide_on_mobile=\"on\" global_colors_info=\"{}\"][\/et_pb_divider][et_pb_text admin_label=\"Texto\" _builder_version=\"4.16\" background_size=\"initial\" background_position=\"top_left\" background_repeat=\"repeat\" use_border_color=\"off\" border_color=\"#ffffff\" border_style=\"solid\" global_colors_info=\"{}\"]<b>CRITERIOS DE LA EVALUACI\u00d3N DE LAS COMUNICACIONES<\/b><br \/>[\/et_pb_text][et_pb_text admin_label=\"Texto\" _builder_version=\"4.16\" background_size=\"initial\" background_position=\"top_left\" background_repeat=\"repeat\" use_border_color=\"off\" border_color=\"#ffffff\" border_style=\"solid\" global_colors_info=\"{}\"]<span style=\"font-weight: 400;\">Todos los res\u00famenes recibidos para su presentaci\u00f3n como comunicaciones orales o p\u00f3ster ser\u00e1n evaluados por dos evaluadores independientes y el Comit\u00e9 Cient\u00edfico de forma an\u00f3nima, sin conocimiento del nombre de los autores del trabajo e instituciones a las que pertenecen, de acuerdo con los siguientes criterios:<\/span><br \/>[\/et_pb_text][et_pb_text admin_label=\"Texto\" _builder_version=\"4.16\" background_color=\"rgba(143,167,191,0.18)\" background_size=\"initial\" background_position=\"top_left\" background_repeat=\"repeat\" use_border_color=\"off\" border_color=\"#ffffff\" border_style=\"solid\" global_colors_info=\"{}\"]<strong>\u00a0<\/strong><\/p><table><tbody><tr><td><b>CRITERIOS PARA COMUNICACIONES<\/b><\/td><td><b>PUNTOS<\/b><\/td><\/tr><tr><td><ol><li style=\"font-weight: 400;\"><span style=\"font-weight: 400;\">Objetivos alcanzables y formulados con claridad.<\/span><\/li><\/ol><\/td><td><span style=\"font-weight: 400;\">0-1<\/span><\/td><\/tr><tr><td><ol><li style=\"font-weight: 400;\"><span style=\"font-weight: 400;\">Dise\u00f1o y metodolog\u00eda adecuados a los objetivos y bien descritos \/ Dise\u00f1o de la experiencia adecuado para conseguir el objetivo propuesto (plausibilidad de lograr el efecto deseado).<\/span><\/li><\/ol><\/td><td><span style=\"font-weight: 400;\">0-3<\/span><\/td><\/tr><tr><td><ol><li style=\"font-weight: 400;\"><span style=\"font-weight: 400;\">Presentaci\u00f3n clara de resultados \/ Caracter\u00edsticas de la experiencia (actividades, recursos, proceso) relatadas con claridad y evaluaci\u00f3n realizada correctamente.<\/span><\/li><\/ol><\/td><td><span style=\"font-weight: 400;\">0-2<\/span><\/td><\/tr><tr><td><ol><li style=\"font-weight: 400;\"><span style=\"font-weight: 400;\">Conclusiones \/ Recomendaciones<\/span><\/li><\/ol><\/td><td><span style=\"font-weight: 400;\">0-2<\/span><\/td><\/tr><tr><td><ol><li style=\"font-weight: 400;\"><span style=\"font-weight: 400;\">Relevancia del tema *<\/span><\/li><\/ol><\/td><td><span style=\"font-weight: 400;\">0-2<\/span><\/td><\/tr><tr><td><ol><li style=\"font-weight: 400;\"><span style=\"font-weight: 400;\">Innovaci\u00f3n **<\/span><\/li><\/ol><\/td><td><span style=\"font-weight: 400;\">0-2<\/span><\/td><\/tr><tr><td><b>TOTAL<\/b><\/td><td><b>0-12<\/b><\/td><\/tr><\/tbody><\/table><p>[\/et_pb_text][\/et_pb_column][\/et_pb_row][et_pb_row admin_label=\"Fila\" _builder_version=\"4.16\" background_size=\"initial\" background_position=\"top_left\" background_repeat=\"repeat\" global_colors_info=\"{}\"][et_pb_column type=\"4_4\" _builder_version=\"4.16\" custom_padding=\"|||\" global_colors_info=\"{}\" custom_padding__hover=\"|||\"][et_pb_text admin_label=\"Texto\" _builder_version=\"4.16\" background_size=\"initial\" background_position=\"top_left\" background_repeat=\"repeat\" use_border_color=\"off\" border_color=\"#ffffff\" border_style=\"solid\" global_colors_info=\"{}\"]<b>*Gu\u00eda para la evaluaci\u00f3n de la relevancia:<\/b><br \/>[\/et_pb_text][et_pb_text admin_label=\"Texto\" _builder_version=\"4.16\" background_size=\"initial\" background_position=\"top_left\" background_repeat=\"repeat\" use_border_color=\"off\" border_color=\"#ffffff\" border_style=\"solid\" global_colors_info=\"{}\"]<span style=\"font-weight: 400;\">Un trabajo es relevante si es tema investigado est\u00e1 relacionado con un problema actual y los resultados dados en la resoluci\u00f3n aportan algo al \u00e1mbito de la Terapia Ocupacional y, de ser posible, a la sociedad. Se considerar\u00e1 que un trabajo es relevante si:<\/span><br \/>[\/et_pb_text][et_pb_text admin_label=\"Texto\" _builder_version=\"4.16\" background_size=\"initial\" background_position=\"top_left\" background_repeat=\"repeat\" use_border_color=\"off\" border_color=\"#ffffff\" border_style=\"solid\" global_colors_info=\"{}\"]<\/p><ul><li style=\"font-weight: 400;\"><span style=\"font-weight: 400;\">Aporta ideas importantes.<\/span><\/li><li style=\"font-weight: 400;\"><span style=\"font-weight: 400;\">Genera teor\u00edas que permiten crear nuevas hip\u00f3tesis.<\/span><\/li><li style=\"font-weight: 400;\"><span style=\"font-weight: 400;\">Los resultados son aplicables m\u00e1s all\u00e1 del \u00e1mbito del propio estudio.<\/span><\/li><li style=\"font-weight: 400;\"><span style=\"font-weight: 400;\">Las conclusiones son importantes y sugieren beneficios sociales y\/o cient\u00edficos.<\/span><\/li><li style=\"font-weight: 400;\"><span style=\"font-weight: 400;\">La experiencia de pr\u00e1ctica de la terapia ocupacional presentada tiene implicaciones apreciables para el desarrollo profesional.<\/span><\/li><\/ul><p>[\/et_pb_text][et_pb_text admin_label=\"Texto\" _builder_version=\"4.16\" background_size=\"initial\" background_position=\"top_left\" background_repeat=\"repeat\" use_border_color=\"off\" border_color=\"#ffffff\" border_style=\"solid\" global_colors_info=\"{}\"]<strong><b>**Gu\u00eda para la evaluaci\u00f3n de la innovaci\u00f3n:<\/b><\/strong><br \/>[\/et_pb_text][et_pb_text admin_label=\"Texto\" _builder_version=\"4.16\" background_size=\"initial\" background_position=\"top_left\" background_repeat=\"repeat\" use_border_color=\"off\" border_color=\"#ffffff\" border_style=\"solid\" global_colors_info=\"{}\"]<span style=\"font-weight: 400;\">Un trabajo es innovador si es tema o metodolog\u00eda, o en enfoque o escenario, entre otros, es innovador en alg\u00fan aspecto a lo que se haya investigado y publicado al respecto. Se considerar\u00e1 que un trabajo es innovador si:<\/span><br \/>[\/et_pb_text][et_pb_text admin_label=\"Texto\" _builder_version=\"4.16\" background_size=\"initial\" background_position=\"top_left\" background_repeat=\"repeat\" use_border_color=\"off\" border_color=\"#ffffff\" border_style=\"solid\" global_colors_info=\"{}\"]<\/p><ul><li style=\"font-weight: 400;\"><span style=\"font-weight: 400;\">Aporta nuevos conocimientos.<\/span><\/li><li style=\"font-weight: 400;\"><span style=\"font-weight: 400;\">Alg\u00fan aspecto del estudio es novedoso o aporta un punto de vista nuevo a lo ya existente.<\/span><\/li><li style=\"font-weight: 400;\"><span style=\"font-weight: 400;\">Puede estar justificada la repetici\u00f3n del estudio por alguna causa.<\/span><\/li><li style=\"font-weight: 400;\"><span style=\"font-weight: 400;\">Es una actualizaci\u00f3n de estudios antiguos.<\/span><\/li><li style=\"font-weight: 400;\"><span style=\"font-weight: 400;\">Presenta una experiencia de pr\u00e1ctica de terapia ocupacional innovadora.<\/span><\/li><\/ul><p>[\/et_pb_text][\/et_pb_column][\/et_pb_row][et_pb_row admin_label=\"Fila\" _builder_version=\"4.16\" background_size=\"initial\" background_position=\"top_left\" background_repeat=\"repeat\" global_colors_info=\"{}\"][et_pb_column type=\"4_4\" _builder_version=\"4.16\" custom_padding=\"|||\" global_colors_info=\"{}\" custom_padding__hover=\"|||\"][et_pb_text admin_label=\"Texto\" _builder_version=\"4.16\" background_size=\"initial\" background_position=\"top_left\" background_repeat=\"repeat\" use_border_color=\"off\" border_color=\"#ffffff\" border_style=\"solid\" global_colors_info=\"{}\"]<strong><b>\u00bfC\u00f3mo inscribirse como evaluador externo?<\/b><\/strong><br \/>[\/et_pb_text][et_pb_image src=\"https:\/\/congresoterapiaocupacional.umh.es\/files\/2019\/09\/pr\u00f3ximamnete.png\" title_text=\"pr\u00f3ximamnete\" _builder_version=\"4.17.4\" _module_preset=\"default\" background_color=\"#FFFFFF\" animation_style=\"bounce\" global_colors_info=\"{}\"][\/et_pb_image][\/et_pb_column][\/et_pb_row][\/et_pb_section]<\/p>","_et_gb_content_width":"","_links_to":"","_links_to_target":""},"_links":{"self":[{"href":"https:\/\/congresoterapiaocupacional.umh.es\/fr\/wp-json\/wp\/v2\/pages\/30301"}],"collection":[{"href":"https:\/\/congresoterapiaocupacional.umh.es\/fr\/wp-json\/wp\/v2\/pages"}],"about":[{"href":"https:\/\/congresoterapiaocupacional.umh.es\/fr\/wp-json\/wp\/v2\/types\/page"}],"author":[{"embeddable":true,"href":"https:\/\/congresoterapiaocupacional.umh.es\/fr\/wp-json\/wp\/v2\/users\/23339"}],"replies":[{"embeddable":true,"href":"https:\/\/congresoterapiaocupacional.umh.es\/fr\/wp-json\/wp\/v2\/comments?post=30301"}],"version-history":[{"count":0,"href":"https:\/\/congresoterapiaocupacional.umh.es\/fr\/wp-json\/wp\/v2\/pages\/30301\/revisions"}],"wp:attachment":[{"href":"https:\/\/congresoterapiaocupacional.umh.es\/fr\/wp-json\/wp\/v2\/media?parent=30301"}],"curies":[{"name":"wp","href":"https:\/\/api.w.org\/{rel}","templated":true}]}}