{"id":30246,"date":"2022-11-06T12:03:08","date_gmt":"2022-11-06T12:03:08","guid":{"rendered":"https:\/\/congresoterapiaocupacional.umh.es\/?page_id=30246"},"modified":"2025-03-16T11:25:53","modified_gmt":"2025-03-16T11:25:53","slug":"affiches-et-communications-orales","status":"publish","type":"page","link":"https:\/\/congresoterapiaocupacional.umh.es\/fr\/affiches-et-communications-orales\/","title":{"rendered":"Affiches et communications orales"},"content":{"rendered":"<p>[et_pb_section fb_built=\u00a0\u00bb1&Prime; admin_label=\u00a0\u00bbsection\u00a0\u00bb _builder_version=\u00a0\u00bb4.16&Prime; global_colors_info=\u00a0\u00bb{}\u00a0\u00bb][et_pb_row admin_label=\u00a0\u00bbrow\u00a0\u00bb _builder_version=\u00a0\u00bb4.16&Prime; background_size=\u00a0\u00bbinitial\u00a0\u00bb background_position=\u00a0\u00bbtop_left\u00a0\u00bb background_repeat=\u00a0\u00bbrepeat\u00a0\u00bb global_colors_info=\u00a0\u00bb{}\u00a0\u00bb][et_pb_column type=\u00a0\u00bb4_4&Prime; _builder_version=\u00a0\u00bb4.16&Prime; custom_padding=\u00a0\u00bb|||\u00a0\u00bb global_colors_info=\u00a0\u00bb{}\u00a0\u00bb custom_padding__hover=\u00a0\u00bb|||\u00a0\u00bb][et_pb_text _builder_version=\u00a0\u00bb4.17.4&Prime; _module_preset=\u00a0\u00bbdefault\u00a0\u00bb text_font_size=\u00a0\u00bb25px\u00a0\u00bb text_line_height=\u00a0\u00bb2.1em\u00a0\u00bb global_colors_info=\u00a0\u00bb{}\u00a0\u00bb]<\/p>\n<p style=\"text-align: center\"><strong>INSTRUCTIONS POUR LA PR\u00c9SENTATION DES COMMUNICATIONS AU XIV CONGR\u00c8S INTERNATIONAL DES \u00c9TUDIANTS EN ERGOTH\u00c9RAPIE<\/strong><\/p>\n<p>[\/et_pb_text][\/et_pb_column][\/et_pb_row][et_pb_row _builder_version=\u00a0\u00bb4.17.4&Prime; _module_preset=\u00a0\u00bbdefault\u00a0\u00bb global_colors_info=\u00a0\u00bb{}\u00a0\u00bb][et_pb_column type=\u00a0\u00bb4_4&Prime; _builder_version=\u00a0\u00bb4.17.4&Prime; _module_preset=\u00a0\u00bbdefault\u00a0\u00bb global_colors_info=\u00a0\u00bb{}\u00a0\u00bb][et_pb_text _builder_version=\u00a0\u00bb4.17.4&Prime; _module_preset=\u00a0\u00bbdefault\u00a0\u00bb global_colors_info=\u00a0\u00bb{}\u00a0\u00bb]<\/p>\n<p><strong>IMPORTANT : POUR RECEVOIR VOTRE CERTIFICAT DE PR\u00c9SENTATION ORALE OU DE POSTER, VOUS DEVEZ \u00caTRE INSCRIT AU CONGR\u00c8S, SINON VOUS NE RECEVREZ PAS VOTRE CERTIFICAT.<\/strong><\/p>\n<p>[\/et_pb_text][et_pb_text _builder_version=\u00a0\u00bb4.17.4&Prime; _module_preset=\u00a0\u00bbdefault\u00a0\u00bb global_colors_info=\u00a0\u00bb{}\u00a0\u00bb]<\/p>\n<p><strong>TYPES DE TRAVAUX POUVANT \u00caTRE SOUMIS\u00a0:<\/strong><br \/>Les communications pr\u00e9sent\u00e9es au congr\u00e8s, qu&rsquo;il s&rsquo;agisse d&rsquo;affiches ou de communications orales, doivent provenir du domaine de l&rsquo;ergoth\u00e9rapie. Les \u0153uvres peuvent \u00eatre envoy\u00e9es depuis :<\/p>\n<ul>\n<li>Documents de recherche originaux.<\/li>\n<li>Revoir le travail.<\/li>\n<li>Programmes d&rsquo;intervention.<\/li>\n<li>Cas cliniques.<\/li>\n<li>Description des services cliniques.<\/li>\n<li>Protocoles de recherche.<\/li>\n<li>Guide informatif.<\/li>\n<li>D\u00e9veloppement d&rsquo;un produit d&rsquo;accompagnement.<\/li>\n<li>D\u00e9veloppement d&rsquo;un catalogue sur les produits de support.<\/li>\n<li>Diffusion de l&rsquo;ergoth\u00e9rapie en format audiovisuel.<\/li>\n<li>Travaux de recherche fondamentale.<\/li>\n<li>Travailler \u00e0 adapter un environnement\/un \u00e9v\u00e9nement\/une activit\u00e9.<\/li>\n<li>Travail de type \u00ab\u00a0Autre\u00a0\u00bb (tout travail connexe qui ne correspond pas aux profils ci-dessus).<\/li>\n<\/ul>\n<p>[\/et_pb_text][\/et_pb_column][\/et_pb_row][et_pb_row _builder_version=\u00a0\u00bb4.17.4&Prime; _module_preset=\u00a0\u00bbdefault\u00a0\u00bb global_colors_info=\u00a0\u00bb{}\u00a0\u00bb][et_pb_column type=\u00a0\u00bb4_4&Prime; _builder_version=\u00a0\u00bb4.17.4&Prime; _module_preset=\u00a0\u00bbdefault\u00a0\u00bb global_colors_info=\u00a0\u00bb{}\u00a0\u00bb][et_pb_text _builder_version=\u00a0\u00bb4.17.4&Prime; _module_preset=\u00a0\u00bbdefault\u00a0\u00bb global_colors_info=\u00a0\u00bb{}\u00a0\u00bb]<\/p>\n<p><strong>DES INSTRUCTIONS<\/strong><br \/>Ci-dessous, nous indiquons les instructions pour soumettre la soumission du r\u00e9sum\u00e9 des travaux.<\/p>\n<p>La longueur maximale du r\u00e9sum\u00e9 est de 300 mots. Les r\u00e9sum\u00e9s peuvent \u00eatre r\u00e9dig\u00e9s en espagnol, fran\u00e7ais ou anglais et seront soumis en ligne. Le nombre maximum d&rsquo;auteurs par communication sera de 8 auteurs. De plus, le nom du tuteur professionnel des travaux doit \u00eatre indiqu\u00e9.<\/p>\n<p>Tous les r\u00e9sum\u00e9s doivent contenir au moins les informations suivantes (structure commune) :<\/p>\n<ul>\n<li>Titre : concis et clarifiant l&rsquo;objet et m\u00eame les principales conclusions de la communication d&rsquo;environ X mots.<\/li>\n<li>Nom et pr\u00e9nom de tous les auteurs. L&rsquo;un d&rsquo;eux sera le repr\u00e9sentant avec qui nous prendrons contact.<\/li>\n<li>Il faut indiquer \u00e0 quelle universit\u00e9 appartiennent les auteurs.<\/li>\n<li>Domaine th\u00e9matique s\u00e9lectionn\u00e9 dans lequel le travail est encadr\u00e9.<\/li>\n<li>Texte de l&rsquo;ouvrage (structure selon le type d&rsquo;ouvrage).<\/li>\n<li>Conflits d&rsquo;int\u00e9r\u00eats : les auteurs doivent indiquer toute relation financi\u00e8re (ou autre) avec toute organisation, institution ou entreprise qui pourrait donner lieu \u00e0 un conflit d&rsquo;int\u00e9r\u00eats par rapport au travail soumis. Si les auteurs consid\u00e8rent qu&rsquo;il n&rsquo;y en a pas, ils doivent l&rsquo;indiquer au moyen de la phrase &lt;&lt; Les auteurs de cette communication d\u00e9clarent n&rsquo;avoir aucun conflit d&rsquo;int\u00e9r\u00eats&gt;&gt;.<\/li>\n<li>Les communications qui sont le produit de la rupture d&rsquo;un seul emploi ne sont pas acceptables, pas plus que celles qui ne sont pas conformes aux normes \u00e9thiques internationalement accept\u00e9es.<\/li>\n<\/ul>\n<p>[\/et_pb_text][et_pb_text _builder_version=\u00a0\u00bb4.17.4&Prime; _module_preset=\u00a0\u00bbdefault\u00a0\u00bb global_colors_info=\u00a0\u00bb{}\u00a0\u00bb]<\/p>\n<p>Dans le cas o\u00f9 il s&rsquo;agit d&rsquo;un <strong>document de recherche original<\/strong>, en plus de la structure commune, il doit contenir les informations suivantes\u00a0:<\/p>\n<ul>\n<li>Introduction : objet et pertinence de l&rsquo;\u00e9tude, ainsi que l&rsquo;objectif de l&rsquo;\u00e9tude.<\/li>\n<li>M\u00e9thodes : description br\u00e8ve, claire et compl\u00e8te des mat\u00e9riels et m\u00e9thodes, incluant les crit\u00e8res de s\u00e9lection, l&rsquo;utilisation d&rsquo;instruments de mesure valid\u00e9s et un r\u00e9sum\u00e9 des analyses statistiques r\u00e9alis\u00e9es.<\/li>\n<li>R\u00e9sultats : les principaux r\u00e9sultats de l&rsquo;\u00e9tude doivent \u00eatre pr\u00e9cis\u00e9s, ceux-ci devant r\u00e9pondre aux objectifs de l&rsquo;\u00e9tude.<\/li>\n<li>Conclusions : elles doivent \u00eatre les r\u00e9ponses aux hypoth\u00e8ses de l&rsquo;\u00e9tude.<\/li>\n<\/ul>\n<p>[\/et_pb_text][et_pb_text _builder_version=\u00a0\u00bb4.17.4&Prime; _module_preset=\u00a0\u00bbdefault\u00a0\u00bb global_colors_info=\u00a0\u00bb{}\u00a0\u00bb]<\/p>\n<p>Dans le cas o\u00f9 il s&rsquo;agit d&rsquo;un <strong>travail de r\u00e9vision<\/strong>, en plus de la structure commune, il doit contenir les informations suivantes\u00a0:<\/p>\n<ul>\n<li>Introduction : objet, pertinence et contexte de l&rsquo;examen.<\/li>\n<li>M\u00e9thodes : description br\u00e8ve, claire et compl\u00e8te des bases de donn\u00e9es consult\u00e9es pour obtenir des \u00e9tudes, ainsi que les crit\u00e8res d&rsquo;inclusion des \u00e9tudes pour la revue (type d&rsquo;\u00e9tude incluse dans la revue, taille minimale de l&rsquo;\u00e9chantillon ou dur\u00e9e minimale de l&rsquo;intervention).<\/li>\n<li>R\u00e9sultats : le nombre total d&rsquo;articles r\u00e9cup\u00e9r\u00e9s par la recherche doit \u00eatre pr\u00e9cis\u00e9, ainsi que les articles utilis\u00e9s pour effectuer la revue (articles r\u00e9pondant \u00e0 tous les crit\u00e8res d&rsquo;inclusion). Les principaux r\u00e9sultats de l&rsquo;examen doivent \u00eatre pr\u00e9cis\u00e9s.<\/li>\n<li>Revoir les conclusions.<\/li>\n<\/ul>\n<p>[\/et_pb_text][et_pb_text _builder_version=\u00a0\u00bb4.17.4&Prime; _module_preset=\u00a0\u00bbdefault\u00a0\u00bb global_colors_info=\u00a0\u00bb{}\u00a0\u00bb]<\/p>\n<p>Dans le cas o\u00f9 il s&rsquo;agit d&rsquo;un <strong>programme d&rsquo;intervention<\/strong>, en plus de la structure commune, il doit contenir les informations suivantes\u00a0:<\/p>\n<ul>\n<li>Introduction : pertinence et contexte du projet\/programme.<\/li>\n<li>Objectifs et population cible : indiquer le but de la r\u00e9alisation du programme, ainsi que d\u00e9finir et caract\u00e9riser \u00e0 qui il s&rsquo;adresse.<\/li>\n<li>Th\u00e9ories et recherches ant\u00e9rieures : d\u00e9finissez bri\u00e8vement et clairement les principales th\u00e9ories et recherches qui soutiennent scientifiquement le programme.<\/li>\n<li>Enqu\u00eate(s) : explication br\u00e8ve, claire et compl\u00e8te de l&rsquo;essence de la ou des interventions principales.<\/li>\n<li>\u00c9valuation de programme (\u00e9valuation des r\u00e9sultats, des processus, de l&rsquo;\u00e9conomie).<\/li>\n<li>R\u00e9sultats : les principaux r\u00e9sultats de l&rsquo;intervention doivent \u00eatre pr\u00e9cis\u00e9s.<\/li>\n<li>Conclusion.<\/li>\n<\/ul>\n<p>[\/et_pb_text][et_pb_text _builder_version=\u00a0\u00bb4.17.4&Prime; _module_preset=\u00a0\u00bbdefault\u00a0\u00bb global_colors_info=\u00a0\u00bb{}\u00a0\u00bb]<\/p>\n<p>S&rsquo;il s&rsquo;agit d&rsquo;un <strong>cas clinique<\/strong>, en plus de la structure commune, il doit contenir les informations suivantes\u00a0:<\/p>\n<ul>\n<li>Introduction : informations actuelles sur ce que l&rsquo;on sait sur le sujet en bref, arguments qui soutiennent la justification clinique du cas et ses implications pour la sant\u00e9.<\/li>\n<li>M\u00e9thodes : pr\u00e9sentation du cas clinique ; \u00e9valuation initiale; d\u00e9tection des probl\u00e8mes et des besoins; \u00e9tablir des objectifs et des priorit\u00e9s; mod\u00e8les, approches, strat\u00e9gies et techniques s\u00e9lectionn\u00e9s pour le cas; et intervention r\u00e9alis\u00e9e.<\/li>\n<li>R\u00e9sultats : r\u00e9sultats les plus significatifs de l&rsquo;intervention et r\u00e9sultats de l&rsquo;\u00e9valuation finale (apr\u00e8s l&rsquo;intervention).<\/li>\n<li>Discussion : elle doit mettre en \u00e9vidence les aspects les plus int\u00e9ressants du cas et int\u00e9grer ce qui a \u00e9t\u00e9 communiqu\u00e9 dans d&rsquo;autres articles examin\u00e9s avec ce qui a \u00e9t\u00e9 observ\u00e9 dans le cas. Indiquez si le cas a g\u00e9n\u00e9r\u00e9 de nouvelles connaissances et quelle pourrait \u00eatre son utilit\u00e9 pratique.<\/li>\n<li>Conclusions de l&rsquo;affaire.<\/li>\n<\/ul>\n<p>[\/et_pb_text][et_pb_text _builder_version=\u00a0\u00bb4.17.4&Prime; _module_preset=\u00a0\u00bbdefault\u00a0\u00bb global_colors_info=\u00a0\u00bb{}\u00a0\u00bb]<\/p>\n<p>Dans le cas o\u00f9 il s&rsquo;agit d&rsquo;une <strong>description de services cliniques<\/strong>, en plus de la structure commune, elle doit contenir les informations suivantes\u00a0:<\/p>\n<ul>\n<li>Description du centre : emplacement ; avantages et services offerts; professionnels responsables de chaque service; r\u00e9f\u00e9rencement d&rsquo;utilisateurs; et le r\u00e9gime d&rsquo;assistance.<\/li>\n<li>Description du service d&rsquo;ergoth\u00e9rapie : r\u00f4le de l&rsquo;ergoth\u00e9rapeute au sein du service ; objectifs de service ; les mod\u00e8les conceptuels, les strat\u00e9gies, les approches et les techniques sur lesquels l&rsquo;intervention est bas\u00e9e ; les programmes qui sont d\u00e9velopp\u00e9s ; r\u00e9partition du temps ; ressources spatiales et mat\u00e9rielles; et syst\u00e8me d&rsquo;\u00e9valuation de la qualit\u00e9 des services.<\/li>\n<li>Profil des patients du service d&rsquo;ergoth\u00e9rapie : principales caract\u00e9ristiques de la population fr\u00e9quent\u00e9e (pathologie, d\u00e9ficits, etc.) ; \u00e2ge; profil socio\u00e9conomique et culturel; et s\u00e9jour moyen.<\/li>\n<\/ul>\n<p>[\/et_pb_text][et_pb_text _builder_version=\u00a0\u00bb4.17.4&Prime; _module_preset=\u00a0\u00bbdefault\u00a0\u00bb global_colors_info=\u00a0\u00bb{}\u00a0\u00bb]<\/p>\n<p>Dans le cas o\u00f9 il s&rsquo;agit d&rsquo;un <strong>protocole de recherche<\/strong>, en plus de la structure commune, il doit contenir les informations suivantes\u00a0:<\/p>\n<ul>\n<li>Introduction : pertinence de l&rsquo;\u00e9tude et identification des lacunes dans les connaissances et que les preuves actuelles ajouteront \u00e0 ce projet.<\/li>\n<li>Hypoth\u00e8se : d\u00e9riv\u00e9e de la preuve avant une d\u00e9claration sur ce que l&rsquo;on s&rsquo;attend \u00e0 trouver apr\u00e8s la r\u00e9alisation du projet.<\/li>\n<li>Objectifs : but du projet de recherche ; rappelez-vous qu&rsquo;ils doivent commencer par un verbe infinitif.<\/li>\n<li>M\u00e9thodes : description br\u00e8ve, claire et compl\u00e8te de la population \u00e9tudi\u00e9e, de l&rsquo;\u00e9chantillon, de la taille de l&rsquo;\u00e9chantillon, des sujets, des variables et analyse statistique th\u00e9orique.<\/li>\n<li>Limites et points forts.<\/li>\n<li>Implications pour la pratique clinique de la r\u00e9alisation des objectifs du projet.<\/li>\n<\/ul>\n<p>[\/et_pb_text][et_pb_text _builder_version=\u00a0\u00bb4.17.4&Prime; _module_preset=\u00a0\u00bbdefault\u00a0\u00bb global_colors_info=\u00a0\u00bb{}\u00a0\u00bb]<\/p>\n<p>Dans le cas o\u00f9 il s&rsquo;agit d&rsquo;un <strong>guide informatif<\/strong>, en plus de la structure commune, il doit contenir les informations suivantes\u00a0:<\/p>\n<ul>\n<li>Introduction : pr\u00e9sentation du probl\u00e8me de sant\u00e9 et de l&rsquo;\u00e9tat actuel des connaissances ; justification de la r\u00e9alisation du guide informatif.<\/li>\n<li>Objectif : but du guide informatif ; rappelez-vous qu&rsquo;ils doivent commencer par un verbe infinitif.<\/li>\n<li>\u00c9laboration du guide : population \u00e0 laquelle s&rsquo;adresse le guide, outils ou sources d&rsquo;information consult\u00e9s, structure et format du guide.<\/li>\n<li>Strat\u00e9gie de diffusion ou de diffusion : strat\u00e9gie de communication destin\u00e9e \u00e0 \u00eatre mise en \u0153uvre pour diffuser ou diffuser le guide.<\/li>\n<\/ul>\n<p>[\/et_pb_text][et_pb_text _builder_version=\u00a0\u00bb4.17.4&Prime; _module_preset=\u00a0\u00bbdefault\u00a0\u00bb global_colors_info=\u00a0\u00bb{}\u00a0\u00bb]<\/p>\n<p>Dans le cas o\u00f9 il s&rsquo;agit du <strong>d\u00e9veloppement d&rsquo;un produit de support<\/strong>, en plus de la structure commune, il doit contenir les informations suivantes\u00a0:<\/p>\n<ul>\n<li>Introduction : description de la pathologie ou du domaine d&rsquo;ergoth\u00e9rapie \u00e0 traiter avec le produit, r\u00e9sum\u00e9 des produits existants sur le march\u00e9 et justification de la n\u00e9cessit\u00e9 de ce produit.<\/li>\n<li>D\u00e9veloppement du produit : nom du produit, objectif du produit, population principale \u00e0 laquelle le produit est destin\u00e9, description du produit (caract\u00e9ristiques ou sp\u00e9cifications de son utilisation ; exigences fonctionnelles de l&rsquo;utilisateur ; mat\u00e9riaux, co\u00fbts, temps de production&#8230;).<\/li>\n<li>Produit : photographie ou croquis du prototype du produit sous diff\u00e9rents angles, fiche d&rsquo;information du produit (description, fonction, indications et observations).<\/li>\n<li>Points forts et limites du produit.<\/li>\n<li>Mise en \u0153uvre du produit (facultatif).<\/li>\n<\/ul>\n<p>[\/et_pb_text][et_pb_text _builder_version=\u00a0\u00bb4.17.4&Prime; _module_preset=\u00a0\u00bbdefault\u00a0\u00bb global_colors_info=\u00a0\u00bb{}\u00a0\u00bb]<\/p>\n<p>Dans le cas de l&rsquo;\u00e9laboration d&rsquo;un <strong>catalogue sur les produits supports<\/strong>, en plus de la structure commune, il doit contenir les informations suivantes :<\/p>\n<ul>\n<li>Introduction : description du probl\u00e8me de sant\u00e9 ou du domaine d&rsquo;ergoth\u00e9rapie qu&rsquo;il aborde, r\u00e9sum\u00e9 des catalogues ou compilation de produits existants, et justification de la n\u00e9cessit\u00e9 de pr\u00e9parer le catalogue.<\/li>\n<li>\u00c9laboration du catalogue : nom du catalogue, objectif du catalogue, population \u00e0 laquelle s&rsquo;adresse le catalogue, type ou support du catalogue et structure du catalogue (articles et cat\u00e9gories).<\/li>\n<li>R\u00e9sultat : le catalogue.<\/li>\n<li>Strat\u00e9gie de diffusion ou de diffusion : strat\u00e9gie de communication destin\u00e9e \u00e0 \u00eatre mise en \u0153uvre pour diffuser ou diffuser le catalogue.<\/li>\n<\/ul>\n<p>[\/et_pb_text][et_pb_text _builder_version=\u00a0\u00bb4.17.4&Prime; _module_preset=\u00a0\u00bbdefault\u00a0\u00bb global_colors_info=\u00a0\u00bb{}\u00a0\u00bb]<\/p>\n<p>Dans le cas o\u00f9 il s&rsquo;agit d&rsquo;un travail de <strong>diffusion de l&rsquo;ergoth\u00e9rapie au format audiovisuel<\/strong>, en plus de la structure commune, il doit contenir les informations suivantes\u00a0:<\/p>\n<ul>\n<li>Introduction : description de l&rsquo;aspect du domaine de l&rsquo;ergoth\u00e9rapie qui doit \u00eatre diffus\u00e9 ou diffus\u00e9, un bref r\u00e9sum\u00e9 du mat\u00e9riel de diffusion qui existe d\u00e9j\u00e0 dans le m\u00eame but (le cas \u00e9ch\u00e9ant) et justification de la n\u00e9cessit\u00e9 de cette diffusion\/divulgation.<\/li>\n<li>D\u00e9veloppement du mat\u00e9riel de diffusion : nom\/titre du mat\u00e9riel audiovisuel, objectif du mat\u00e9riel, public auquel il est destin\u00e9, type ou support du mat\u00e9riel et structure\/parties de celui-ci<\/li>\n<li>R\u00e9sultat : le mat\u00e9riel audiovisuel pour la diffusion\/divulgation.<\/li>\n<li>Strat\u00e9gie de diffusion ou de divulgation du mat\u00e9riel audiovisuel cr\u00e9\u00e9.<\/li>\n<\/ul>\n<p>[\/et_pb_text][et_pb_text _builder_version=\u00a0\u00bb4.17.4&Prime; _module_preset=\u00a0\u00bbdefault\u00a0\u00bb global_colors_info=\u00a0\u00bb{}\u00a0\u00bb]<\/p>\n<p>Dans le cas d&rsquo;un <strong>travail de recherche fondamentale<\/strong>, en compl\u00e9ment de la structure commune,<br \/>doit contenir les informations suivantes :<\/p>\n<ul>\n<li>Introduction : pr\u00e9sentation du probl\u00e8me, \u00e9tat actuel, connaissances<br \/>pr\u00e9sents et la justification de l\u2019\u00e9tude.<\/li>\n<li>Objectif et hypoth\u00e8se : but de l&rsquo;\u00e9tude et r\u00e9sultat attendu. L&rsquo;objectif peut \u00eatre divisible (objectifs g\u00e9n\u00e9raux et sp\u00e9cifiques).<\/li>\n<li>Mat\u00e9riel et m\u00e9thodes : strat\u00e9gie utilis\u00e9e pour atteindre l&rsquo;objectif et obtenir les r\u00e9sultats. Il doit \u00eatre r\u00e9dig\u00e9 de mani\u00e8re pr\u00e9cise et objective, l&rsquo;utilisation de figures et de sch\u00e9mas peut \u00eatre pr\u00e9sente pour en faciliter la lecture. Le contenu de cette section comprend : le type d&rsquo;\u00e9tude, le lieu et la dur\u00e9e de la recherche, les caract\u00e9ristiques des sujets,\u00a0taille de l&rsquo;\u00e9chantillon (le cas \u00e9ch\u00e9ant), aspects juridiques, crit\u00e8res de s\u00e9lection, type de techniques, instruments, mat\u00e9riel et \u00e9quipement utilis\u00e9s, variables de l&rsquo;\u00e9tude (le cas \u00e9ch\u00e9ant) et analyse statistique (le cas \u00e9ch\u00e9ant).<\/li>\n<li>R\u00e9sultats : description concise et claire des observations obtenues avec la m\u00e9thodologie utilis\u00e9e \u00e0 travers une r\u00e9daction objective.<\/li>\n<li>Discussion : relation entre les r\u00e9sultats obtenus et les objectifs fix\u00e9s. Il doit inclure les principaux r\u00e9sultats, les forces et les faiblesses, la relation de la pr\u00e9sente \u00e9tude avec des \u00e9tudes ant\u00e9rieures comparant des r\u00e9sultats similaires et \u00e9loign\u00e9s et les \u00e9ventuelles lignes de recherche futures qui s&rsquo;ouvrent apr\u00e8s l&rsquo;\u00e9tude r\u00e9alis\u00e9e.<\/li>\n<li>\u00a0Conclusion : doit r\u00e9pondre aux hypoth\u00e8ses de l&rsquo;\u00e9tude. Votre \u00e9criture doit \u00eatre concise.<\/li>\n<\/ul>\n<p>[\/et_pb_text][et_pb_text _builder_version=\u00a0\u00bb4.17.4&Prime; _module_preset=\u00a0\u00bbdefault\u00a0\u00bb global_colors_info=\u00a0\u00bb{}\u00a0\u00bb]<\/p>\n<p>Dans le cas d\u2019une<strong> adaptation d\u2019un environnement\/\u00e9v\u00e9nement\/activit\u00e9<\/strong>, en plus de la structure commune, il doit contenir les informations suivantes\u00a0:<\/p>\n<ul>\n<li>Introduction : description de l&rsquo;environnement\/\u00e9v\u00e9nement\/activit\u00e9 dans sa forme initiale, arguments justifiant la n\u00e9cessit\u00e9 d&rsquo;adaptation et les implications de ces adaptations pour am\u00e9liorer la participation.<\/li>\n<li>M\u00e9thodes : pr\u00e9sentation de l&rsquo;\u00e9valuation r\u00e9alis\u00e9e et des probl\u00e8mes\/besoins d\u00e9tect\u00e9s ; \u00e9tablir des objectifs et des priorit\u00e9s; mod\u00e8les, approches, strat\u00e9gies et techniques s\u00e9lectionn\u00e9s\u00a0; population b\u00e9n\u00e9ficiaire (directement et indirectement).<\/li>\n<li>R\u00e9sultats : adaptations propos\u00e9es\/r\u00e9alis\u00e9es.<\/li>\n<li>Forces et limites des adaptations. Il est positif d&rsquo;inclure une \u00e9valuation de la satisfaction des b\u00e9n\u00e9ficiaires.<\/li>\n<\/ul>\n<p>[\/et_pb_text][et_pb_text _builder_version=\u00a0\u00bb4.17.4&Prime; _module_preset=\u00a0\u00bbdefault\u00a0\u00bb global_colors_info=\u00a0\u00bb{}\u00a0\u00bb]<\/p>\n<p>Dans le cas d&rsquo;un emploi de type<strong> \u00ab autre \u00bb<\/strong> (tout emploi li\u00e9 \u00e0 la discipline de l&rsquo;ergoth\u00e9rapie qui ne rentre pas dans les profils pr\u00e9c\u00e9dents), qui ne rentre pas dans le reste des profils mais est li\u00e9 \u00e0 la discipline de l&rsquo;ergoth\u00e9rapie th\u00e9rapie, doit contenir les informations suivantes\u00a0:<\/p>\n<ul>\n<li>Introduction : contexte, \u00e9tat actuel du sujet, justification du travail et objectifs.<\/li>\n<li>M\u00e9thode\u00a0: description de la mani\u00e8re dont elle a \u00e9t\u00e9 r\u00e9alis\u00e9e et autres implications.<\/li>\n<li>R\u00e9sultats : r\u00e9sultats et\/ou produits obtenus.<\/li>\n<li>Discussion et\/ou conclusions : souligner les plus int\u00e9ressantes, l&rsquo;implication et la pertinence pour l&rsquo;ergoth\u00e9rapie, les limites et les forces et les conclusions, le cas \u00e9ch\u00e9ant.<\/li>\n<\/ul>\n<p>[\/et_pb_text][\/et_pb_column][\/et_pb_row][et_pb_row _builder_version=\u00a0\u00bb4.17.4&Prime; _module_preset=\u00a0\u00bbdefault\u00a0\u00bb global_colors_info=\u00a0\u00bb{}\u00a0\u00bb][et_pb_column type=\u00a0\u00bb4_4&Prime; _builder_version=\u00a0\u00bb4.17.4&Prime; _module_preset=\u00a0\u00bbdefault\u00a0\u00bb global_colors_info=\u00a0\u00bb{}\u00a0\u00bb][et_pb_text _builder_version=\u00a0\u00bb4.17.4&Prime; _module_preset=\u00a0\u00bbdefault\u00a0\u00bb global_colors_info=\u00a0\u00bb{}\u00a0\u00bb]<\/p>\n<p><strong>DOMAINES TH\u00c9MATIQUES POUR PR\u00c9SENTER LES \u0152UVRES\u00a0:<\/strong><br \/>Les principaux domaines pour lesquels des articles peuvent \u00eatre soumis sont \u00e9num\u00e9r\u00e9s ci-dessous. Dans le cas o\u00f9 votre travail ne rentre pas dans les domaines th\u00e9matiques, vous devez en indiquer d&rsquo;autres.<\/p>\n<ul>\n<li>Neuror\u00e9habilitation : l\u00e9sions c\u00e9r\u00e9brales acquises, l\u00e9sions de la moelle \u00e9pini\u00e8re, maladies neurod\u00e9g\u00e9n\u00e9ratives (scl\u00e9rose lat\u00e9rale amyotrophique, scl\u00e9rose en plaques, etc.), l\u00e9sions des nerfs p\u00e9riph\u00e9riques, etc.<\/li>\n<li>D\u00e9ficience intellectuelle : capacit\u00e9s conceptuelles et fonctionnement cognitif. Syst\u00e8mes de communication suppl\u00e9tifs et alternatifs. Accessibilit\u00e9 cognitive. Nouvelles technologies appliqu\u00e9es \u00e0 la Handicap Intellectuel, autonomie personnelle, domestique et communautaire.<\/li>\n<li>Autod\u00e9termination, autogestion et autonomisation. Loisirs et participation \u00e0 la communaut\u00e9. Emploi. Sexualit\u00e9. Cycle de vie; l&rsquo;adolescence, l&rsquo;\u00e2ge adulte et les personnes \u00e2g\u00e9es.<\/li>\n<li>R\u00e9adaptation physique : pathologies traumatiques et orthop\u00e9diques, pathologies rhumatismales, douleurs, etc.<\/li>\n<li>D\u00e9ficits sensoriels : d\u00e9ficience auditive, d\u00e9ficience visuelle, surdic\u00e9cit\u00e9, etc.<\/li>\n<li>Sant\u00e9 mentale : troubles de l&rsquo;humeur, troubles psychotiques, troubles de la personnalit\u00e9, troubles alimentaires, double pathologie.<\/li>\n<li>Oncologie et soins palliatifs<\/li>\n<li>G\u00e9riatrie : d\u00e9mence et troubles cognitifs, syndromes g\u00e9riatriques, ergoth\u00e9rapie en fin de vie et personnes \u00e2g\u00e9es fragiles, maltraitance des personnes \u00e2g\u00e9es, ergoth\u00e9rapie chez les personnes \u00e2g\u00e9es en bonne sant\u00e9.<\/li>\n<li>P\u00e9diatrie : enfants pr\u00e9matur\u00e9s, trouble d\u00e9ficitaire de l&rsquo;attention avec hyperactivit\u00e9, trouble du spectre autistique, int\u00e9gration sensorielle, paralysie c\u00e9r\u00e9brale infantile, etc.<\/li>\n<li>Int\u00e9gration communautaire : immigration et groupes ethniques, population carc\u00e9rale, sans-abrisme, violence de genre, dans la coop\u00e9ration internationale, les soins primaires, l&rsquo;\u00e9ducation, etc.<\/li>\n<li>Autres : ergonomie, produits d&rsquo;accompagnement, d\u00e9ontologie, qualit\u00e9 des soins, etc.<\/li>\n<\/ul>\n<p>[\/et_pb_text][\/et_pb_column][\/et_pb_row][et_pb_row _builder_version=\u00a0\u00bb4.17.4&Prime; _module_preset=\u00a0\u00bbdefault\u00a0\u00bb global_colors_info=\u00a0\u00bb{}\u00a0\u00bb][et_pb_column type=\u00a0\u00bb4_4&Prime; _builder_version=\u00a0\u00bb4.17.4&Prime; _module_preset=\u00a0\u00bbdefault\u00a0\u00bb global_colors_info=\u00a0\u00bb{}\u00a0\u00bb][et_pb_text _builder_version=\u00a0\u00bb4.17.4&Prime; _module_preset=\u00a0\u00bbdefault\u00a0\u00bb global_colors_info=\u00a0\u00bb{}\u00a0\u00bb]<\/p>\n<p><strong>ENVOI DE COMMUNICATIONS :<\/strong><br \/>Pour pr\u00e9senter les communications au congr\u00e8s, un r\u00e9sum\u00e9 en ligne sera envoy\u00e9 via les formulaires ci-dessous (https:\/\/forms.gle\/TaJBUMfuiQf9FtPG7) en fonction du type de travail. Le nombre d&rsquo;\u0153uvres envoy\u00e9es par le m\u00eame auteur comme premier auteur ne doit pas d\u00e9passer 3 r\u00e9sum\u00e9s. La date limite d&rsquo;envoi des communications orales et posters se cl\u00f4turera le 28\/04\/2025.<\/p>\n<p>Une fois le r\u00e9sum\u00e9 envoy\u00e9, l&rsquo;auteur principal recevra un e-mail dans les trois jours dans lequel il pourra v\u00e9rifier le texte et les donn\u00e9es envoy\u00e9es. Il est de la responsabilit\u00e9 de l&rsquo;auteur de contacter l&rsquo;organisation en cas de non r\u00e9ception dudit e-mail ou s&rsquo;il y a une erreur dans les donn\u00e9es envoy\u00e9es, en envoyant un e-mail \u00e0 cientifico13cieto@gmail.com avec le sujet \u00ab\u00a0Erreur dans les donn\u00e9es de l&rsquo;affiche\/de la communication \u00ab\u00a0.<\/p>\n<p>Tous les articles seront examin\u00e9s par des examinateurs externes. Ceux qui ont une qualit\u00e9 suffisante seront admis. Parmi ceux-ci, ceux qui obtiendront la meilleure note seront pr\u00e9sent\u00e9s en communication orale et les autres travaux seront pr\u00e9sent\u00e9s en mode de type poster. Le Comit\u00e9 Scientifique informera les int\u00e9ress\u00e9s si le travail a \u00e9t\u00e9 accept\u00e9 et sous quelle modalit\u00e9 avant le 05\/05\/2025 .<\/p>\n<p>Une fois l&rsquo;acceptation de la communication orale\/poster notifi\u00e9e, l&rsquo;auteur pr\u00e9sentateur de la communication doit s&rsquo;inscrire au congr\u00e8s avant le 01\/05\/2024. Dans le cas o\u00f9 lui ou le pr\u00e9sentateur ne peut pas s&rsquo;inscrire au congr\u00e8s, il doit proposer \u00e0 un autre co-auteur qui doit s&rsquo;inscrire au congr\u00e8s de pouvoir pr\u00e9senter l&rsquo;ouvrage avant le 01\/05\/2025 en en informant l&rsquo;organisation dans le envoyez un e-mail \u00e0 cientifico13cieto@gmail.com avec pour objet \u00ab\u00a0Changement de pr\u00e9sentateur\u00a0\u00bb.<\/p>\n<p>Les auteurs des travaux inscrits au congr\u00e8s recevront un certificat du travail pr\u00e9sent\u00e9 qui sera remis en personne au congr\u00e8s. En cas d&rsquo;erreur, vous devez contacter l&rsquo;organisation \u00e0 l&rsquo;adresse e-mail cientifico13cieto@gmail.com avec pour objet \u00ab\u00a0Erreur certifi\u00e9e\u00a0\u00bb.<\/p>\n<p>[\/et_pb_text][\/et_pb_column][\/et_pb_row][et_pb_row _builder_version=\u00a0\u00bb4.17.4&Prime; _module_preset=\u00a0\u00bbdefault\u00a0\u00bb global_colors_info=\u00a0\u00bb{}\u00a0\u00bb][et_pb_column type=\u00a0\u00bb4_4&Prime; _builder_version=\u00a0\u00bb4.17.4&Prime; _module_preset=\u00a0\u00bbdefault\u00a0\u00bb global_colors_info=\u00a0\u00bb{}\u00a0\u00bb][et_pb_text _builder_version=\u00a0\u00bb4.17.4&Prime; _module_preset=\u00a0\u00bbdefault\u00a0\u00bb global_colors_info=\u00a0\u00bb{}\u00a0\u00bb]<\/p>\n<p><strong>REVUE ET S\u00c9LECTION D&rsquo;\u0152UVRES ORALES ET D&rsquo;AFFICHES\u00a0:<\/strong><br \/>Tous les articles seront examin\u00e9s \u00e0 l&rsquo;aveugle par deux examinateurs externes qui noteront sur une \u00e9chelle de 0 \u00e0 10 points sur la base des crit\u00e8res \u00e9nonc\u00e9s ci-dessous en fonction du type d&rsquo;article.<\/p>\n<p>[\/et_pb_text][et_pb_text _builder_version=\u00a0\u00bb4.17.4&Prime; _module_preset=\u00a0\u00bbdefault\u00a0\u00bb global_colors_info=\u00a0\u00bb{}\u00a0\u00bb]<\/p>\n<p>Les crit\u00e8res pour les <strong>articles de recherche et les critiques <\/strong>:<br \/>Objectifs r\u00e9alisables et clairement formul\u00e9s (0-1)<br \/>Conception et m\u00e9thodologie appropri\u00e9es aux objectifs et bien d\u00e9crites (0-2)<br \/>Pr\u00e9sentation claire des r\u00e9sultats (0-2)<br \/>Conclusion (0-1)<br \/>Pertinence du th\u00e8me* : 0-2<br \/>Innovation** : 0-2<\/p>\n<p>[\/et_pb_text][et_pb_text _builder_version=\u00a0\u00bb4.17.4&Prime; _module_preset=\u00a0\u00bbdefault\u00a0\u00bb global_colors_info=\u00a0\u00bb{}\u00a0\u00bb]<\/p>\n<p>Crit\u00e8res de <strong>description des services cliniques<\/strong> :<br \/>Description claire du centre (0-2)<br \/>Description du service d&rsquo;ergoth\u00e9rapie ad\u00e9quat et complet (0-3)<br \/>Effacer le profil du patient (0-2)<br \/>Pertinence du service*\u00a0: 0-1<br \/>Innovation** : 0-2<\/p>\n<p>[\/et_pb_text][et_pb_text _builder_version=\u00a0\u00bb4.17.4&Prime; _module_preset=\u00a0\u00bbdefault\u00a0\u00bb global_colors_info=\u00a0\u00bb{}\u00a0\u00bb]<\/p>\n<p>Les crit\u00e8res des <strong>protocoles<\/strong> :<br \/>Lacunes dans les connaissances et contribution de cette \u00e9tude aux preuves actuelles (0-2)<br \/>Objectifs et hypoth\u00e8ses bien form\u00e9es (0-2)<br \/>M\u00e9thodologie\u00a0: comprend la description de la population \u00e9tudi\u00e9e, l&rsquo;\u00e9chantillon, les instruments valid\u00e9s et l&rsquo;analyse statistique (0-2)<br \/>Pertinence du th\u00e8me* : 0-2<br \/>Innovation** : 0-2<\/p>\n<p>[\/et_pb_text][et_pb_text _builder_version=\u00a0\u00bb4.17.4&Prime; _module_preset=\u00a0\u00bbdefault\u00a0\u00bb global_colors_info=\u00a0\u00bb{}\u00a0\u00bb]<\/p>\n<p>Crit\u00e8res d&rsquo;<strong>orientation informative<\/strong>\u00a0:<br \/>Justification et objectifs clairs du guide (0-2)<br \/>Description du guide ad\u00e9quate et compl\u00e8te (0-3)<br \/>Strat\u00e9gie de diffusion\/divulgation claire (0-2)<br \/>Pertinence du guide*\u00a0: 0-1<br \/>Innovation** : 0-2<\/p>\n<p>[\/et_pb_text][et_pb_text _builder_version=\u00a0\u00bb4.17.4&Prime; _module_preset=\u00a0\u00bbdefault\u00a0\u00bb global_colors_info=\u00a0\u00bb{}\u00a0\u00bb]<\/p>\n<p>Les crit\u00e8res pour <strong>d\u00e9velopper un produit de support<\/strong> :<br \/>Justification claire du besoin du produit (0-2)<br \/>Description du produit ad\u00e9quate et compl\u00e8te (0-3)<br \/>Description claire des forces et des limites (0-2)<br \/>Pertinence du produit*\u00a0: 0-1<br \/>Innovation** : 0-2<\/p>\n<p>[\/et_pb_text][et_pb_text _builder_version=\u00a0\u00bb4.17.4&Prime; _module_preset=\u00a0\u00bbdefault\u00a0\u00bb global_colors_info=\u00a0\u00bb{}\u00a0\u00bb]<\/p>\n<p>Les crit\u00e8res d&rsquo;\u00e9laboration d&rsquo;un <strong>catalogue sur les produits de support<\/strong> :<br \/>Justification claire et objectifs du catalogue (0-2)<br \/>Description ad\u00e9quate et compl\u00e8te du catalogue (0-3)<br \/>Strat\u00e9gie de diffusion\/divulgation claire (0-2)<br \/>Pertinence du guide*\u00a0: 0-1<br \/>Innovation** : 0-2<\/p>\n<p>[\/et_pb_text][et_pb_text _builder_version=\u00a0\u00bb4.17.4&Prime; _module_preset=\u00a0\u00bbdefault\u00a0\u00bb global_colors_info=\u00a0\u00bb{}\u00a0\u00bb]<\/p>\n<p>Les crit\u00e8res de <strong>diffusion de l&rsquo;ergoth\u00e9rapie en format audiovisuel<\/strong> :<br \/>Justification du besoin de diffusion\/divulgation (0-2)<br \/>Description du mat\u00e9riel audiovisuel pour la diffusion d&rsquo;une ergoth\u00e9rapie ad\u00e9quate et compl\u00e8te (0-3)<br \/>Diffusion claire ou strat\u00e9gie de diffusion du mat\u00e9riel audiovisuel (0-2)<br \/>Pertinence du service*\u00a0: 0-1<br \/>Innovation** : 0-2<\/p>\n<p>[\/et_pb_text][et_pb_text _builder_version=\u00a0\u00bb4.17.4&Prime; _module_preset=\u00a0\u00bbdefault\u00a0\u00bb global_colors_info=\u00a0\u00bb{}\u00a0\u00bb]<\/p>\n<p>Les crit\u00e8res des<strong> travaux de recherche fondamentale<\/strong> :<\/p>\n<ul>\n<li>Justification de la n\u00e9cessit\u00e9 de l&rsquo;\u00e9tude (0-1)<\/li>\n<li>Objectifs et hypoth\u00e8ses bien \u00e9nonc\u00e9s (0-2)<\/li>\n<li>Description du mat\u00e9riel et de la m\u00e9thodologie (0-2)<\/li>\n<li>Pr\u00e9sentation claire des r\u00e9sultats et discussion (0-1)<\/li>\n<li>Conclusions (0-1)<\/li>\n<li>Pertinence du service* : 0-1<\/li>\n<li>Innovation** : 0-2<\/li>\n<\/ul>\n<p>[\/et_pb_text][et_pb_text _builder_version=\u00a0\u00bb4.17.4&Prime; _module_preset=\u00a0\u00bbdefault\u00a0\u00bb global_colors_info=\u00a0\u00bb{}\u00a0\u00bb]<\/p>\n<p>Les crit\u00e8res des travaux <strong>d\u2019adaptation pour un milieu\/\u00e9v\u00e9nement\/activit\u00e9<\/strong>:<br \/>Introduction et justification de l&rsquo;adaptation (0-1)<br \/>Description compl\u00e8te des m\u00e9thodes (0-2)<br \/>Pr\u00e9sentation claire et ordonn\u00e9e des r\u00e9sultats (0-2)<br \/>Explication des forces et des limites des adaptations (0-1)<br \/>Pertinence pour l&#8217;emploi*\u00a0: 0-2<br \/>Innovation**\u00a0: 0-2<\/p>\n<p>[\/et_pb_text][et_pb_text _builder_version=\u00a0\u00bb4.17.4&Prime; _module_preset=\u00a0\u00bbdefault\u00a0\u00bb global_colors_info=\u00a0\u00bb{}\u00a0\u00bb]<\/p>\n<p>Les crit\u00e8res pour les <strong>\u00ab autres \u00bb<\/strong> emplois li\u00e9s \u00e0 l\u2019ergoth\u00e9rapie qui ne correspondent pas \u00e0 d\u2019autres profils:<br \/>Introduction et justification (0-1)<br \/>Description compl\u00e8te des m\u00e9thodes (0-2)<br \/>Pr\u00e9sentation claire et ordonn\u00e9e des r\u00e9sultats (0-2)<br \/>Discussion et\/ou conclusions coh\u00e9rentes (0-1)<br \/>Pertinence pour l&#8217;emploi*\u00a0: 0-2<br \/>Innovation**\u00a0: 0-2<\/p>\n<p>[\/et_pb_text][\/et_pb_column][\/et_pb_row][et_pb_row _builder_version=\u00a0\u00bb4.17.4&Prime; _module_preset=\u00a0\u00bbdefault\u00a0\u00bb global_colors_info=\u00a0\u00bb{}\u00a0\u00bb][et_pb_column type=\u00a0\u00bb4_4&Prime; _builder_version=\u00a0\u00bb4.17.4&Prime; _module_preset=\u00a0\u00bbdefault\u00a0\u00bb global_colors_info=\u00a0\u00bb{}\u00a0\u00bb][et_pb_text _builder_version=\u00a0\u00bb4.17.4&Prime; _module_preset=\u00a0\u00bbdefault\u00a0\u00bb global_colors_info=\u00a0\u00bb{}\u00a0\u00bb]<\/p>\n<p><strong>R\u00c8GLES DE PR\u00c9SENTATION DES \u0152UVRES :<\/strong><br \/><strong>Affiche :<\/strong><br \/>Les affiches seront imprim\u00e9es par l&rsquo;assistant pour \u00eatre expos\u00e9es durant tous les jours du congr\u00e8s. Les affiches seront expos\u00e9es dans un lieu am\u00e9nag\u00e9 \u00e0 cet effet sur le lieu du congr\u00e8s et identifiable par un num\u00e9ro qui lui sera attribu\u00e9 des jours avant celui-ci. Bien que les affiches soient expos\u00e9es tout au long du congr\u00e8s, vous serez averti par e-mail de la session dans laquelle elles seront pr\u00e9sent\u00e9es si elles sont s\u00e9lectionn\u00e9es, et celle-ci sera projet\u00e9e sur un \u00e9cran pour votre soutenance orale.<\/p>\n<p>Recommandations\u00a0: Utilisez une taille comprise entre 60 et 100 pour les titres et une taille comprise entre 30 et 50 pour le texte. Pour les en-t\u00eates graphiques, la taille doit \u00eatre au minimum de 14.<\/p>\n<p>Fond de diapositive : couleurs claires. Assurez-vous que les graphiques\/images ins\u00e9r\u00e9s sont de bonne qualit\u00e9.<\/p>\n<p>Au d\u00e9but du congr\u00e8s : votre affiche imprim\u00e9e sera accroch\u00e9e \u00e0 l&rsquo;endroit pr\u00e9vu \u00e0 cet effet.<\/p>\n<p>D\u00e9roulement de la session de pr\u00e9sentation des posters : au moins un des auteurs inscrits au congr\u00e8s doit participer \u00e0 la session et faire une br\u00e8ve pr\u00e9sentation de 4 minutes de pr\u00e9sentation et 2 minutes de discussion. L&rsquo;animateur de s\u00e9ance veillera \u00e0 la pr\u00e9sence des auteurs et au strict respect de l&rsquo;heure de pr\u00e9sentation.<\/p>\n<p>Apr\u00e8s la session : l&rsquo;attestation de pr\u00e9sentation du poster sera d\u00e9livr\u00e9e tant que le poster est pr\u00e9sent\u00e9, en cas de non pr\u00e9sentation il ne sera pas d\u00e9livr\u00e9.<\/p>\n<p>Les r\u00e9sum\u00e9s des communications dont le pr\u00e9sentateur a fait l&rsquo;inscription avant le 1er mai 2025, seront publi\u00e9s dans le livre des proc\u00e8s-verbaux du congr\u00e8s.<\/p>\n<p><strong>COMMENT RENDRE MON POSTER PLUS ACCESSIBLE ?<\/strong><br \/>Cette ann\u00e9e, le CIETO souhaite mettre en place des audiodescriptions dans les expositions d&rsquo;affiches, de posters et de d\u00e9pliants. C&rsquo;est pourquoi nous demandons l&rsquo;aide de ceux d&rsquo;entre vous qui veulent contribuer \u00e0 cette proposition.<\/p>\n<p>Si vous souhaitez que votre affiche participe \u00e0 cette initiative, vous devrez remplir les crit\u00e8res susmentionn\u00e9s et laisser un espace de 2cmx2cm dans le coin inf\u00e9rieur gauche de l&rsquo;affiche pour l&rsquo;inclusion d&rsquo;une QR audio.<\/p>\n<p>En outre, vous pourrez \u00e9galement participer \u00e0 l&rsquo;enregistrement de la description audio de votre propre affiche si vous le souhaitez et, de cette mani\u00e8re, nous aider \u00e0 garantir que toutes les affiches arrivent \u00e0 temps avec toutes les informations n\u00e9cessaires et qu&rsquo;elles sont accessibles \u00e0 tous.<\/p>\n<p>Ces contributions seront prises en compte (bien que non d\u00e9cisives) dans l&rsquo;\u00e9valuation finale de l&rsquo;affiche, tant pour l&rsquo;inclusion de l&rsquo;espace QR que pour la participation aux enregistrements.<\/p>\n<p>Contactez joaquin.garcia17@goumh.umh.es pour participer, en indiquant si vous souhaitez uniquement inclure l&rsquo;espace QR dans le poster ou si vous souhaitez \u00e9galement enregistrer la description audio. En cas de doute, veuillez contacter la m\u00eame adresse \u00e9lectronique.<\/p>\n<p>[\/et_pb_text][et_pb_text _builder_version=\u00a0\u00bb4.17.4&Prime; _module_preset=\u00a0\u00bbdefault\u00a0\u00bb global_colors_info=\u00a0\u00bb{}\u00a0\u00bb]<\/p>\n<p><strong>Oral :<\/strong><br \/>Recommandations\u00a0:<br \/>Avant le d\u00e9but de la session : vous devez vous pr\u00e9senter au point de collecte de documentation CIETO au moins 30 minutes avant le d\u00e9but de la session. Le lieu et l&rsquo;heure seront confirm\u00e9s dans le programme d\u00e9finitif et vous seront communiqu\u00e9s par email.<\/p>\n<p>D\u00e9veloppement de la s\u00e9ance : la projection de votre communication se fera sur un \u00e9cran qui sera situ\u00e9 derri\u00e8re vous, donc si vous avez besoin d&rsquo;un support audiovisuel lors de votre pr\u00e9sentation (imprim\u00e9, tablette ou ordinateur) vous devez l&rsquo;apporter vous-m\u00eame. Le temps imparti pour pr\u00e9senter les communications orales est au maximum de 8 minutes de pr\u00e9sentation + 2 minutes de questions. Cette limite devra \u00eatre scrupuleusement respect\u00e9e par les mod\u00e9rateurs qui veilleront au strict respect de cette r\u00e8gle. Par cons\u00e9quent, les interventions (questions et r\u00e9ponses) \u00e0 ce moment-l\u00e0 doivent \u00e9galement \u00eatre tr\u00e8s concises et pr\u00e9cises.<\/p>\n<p>Apr\u00e8s la session : l&rsquo;attestation de pr\u00e9sentation du poster sera d\u00e9livr\u00e9e tant que le poster sera pr\u00e9sent\u00e9. En cas de non pr\u00e9sentation, il ne sera pas livr\u00e9.<\/p>\n<p>[\/et_pb_text][et_pb_text _builder_version=\u00a0\u00bb4.17.4&Prime; _module_preset=\u00a0\u00bbdefault\u00a0\u00bb global_colors_info=\u00a0\u00bb{}\u00a0\u00bb]<\/p>\n<p>Les r\u00e9sum\u00e9s des communications dont le pr\u00e9sentateur a fait l&rsquo;inscription avant le 1er mai 2025, seront publi\u00e9s dans le livre des proc\u00e8s-verbaux du congr\u00e8s.<\/p>\n<p>[\/et_pb_text][\/et_pb_column][\/et_pb_row][et_pb_row _builder_version=\u00a0\u00bb4.17.4&Prime; _module_preset=\u00a0\u00bbdefault\u00a0\u00bb global_colors_info=\u00a0\u00bb{}\u00a0\u00bb][et_pb_column type=\u00a0\u00bb4_4&Prime; _builder_version=\u00a0\u00bb4.17.4&Prime; _module_preset=\u00a0\u00bbdefault\u00a0\u00bb global_colors_info=\u00a0\u00bb{}\u00a0\u00bb][et_pb_text _builder_version=\u00a0\u00bb4.17.4&Prime; _module_preset=\u00a0\u00bbdefault\u00a0\u00bb hover_enabled=\u00a0\u00bb0&Prime; global_colors_info=\u00a0\u00bb{}\u00a0\u00bb sticky_enabled=\u00a0\u00bb0&Prime;]<\/p>\n<p><strong>LES CONFLITS D&rsquo;INT\u00c9R\u00caTS :<\/strong><br \/>Nous vous informons que toute forme de publicit\u00e9 est interdite lors de votre pr\u00e9sentation. En particulier:<\/p>\n<ul>\n<li>Marques.<\/li>\n<li>Entreprises du secteur.<\/li>\n<li>Applications, sites Web ou m\u00e9thodes de travail o\u00f9 l&rsquo;orateur a des int\u00e9r\u00eats financiers.<\/li>\n<\/ul>\n<p>Dans le cas o\u00f9 le projet existe, il a \u00e9t\u00e9 financ\u00e9 par une institution publique ou priv\u00e9e, il doit \u00eatre indiqu\u00e9 sur une diapositive, indiquant \u00e9galement le r\u00f4le du bailleur de fonds dans le d\u00e9veloppement du projet.<\/p>\n<p>Si vous avez des questions, veuillez nous contacter par email \u00e0 cientifico13cieto@gmail.com ou par t\u00e9l\u00e9phone au 619617442.<\/p>\n<p>[\/et_pb_text][\/et_pb_column][\/et_pb_row][\/et_pb_section]<\/p>\n","protected":false},"excerpt":{"rendered":"<p>INSTRUCTIONS POUR LA PR\u00c9SENTATION DES COMMUNICATIONS AU XIV CONGR\u00c8S INTERNATIONAL DES \u00c9TUDIANTS EN ERGOTH\u00c9RAPIEIMPORTANT : POUR RECEVOIR VOTRE CERTIFICAT DE PR\u00c9SENTATION ORALE OU DE POSTER, VOUS DEVEZ \u00caTRE INSCRIT AU CONGR\u00c8S, SINON VOUS NE RECEVREZ PAS VOTRE CERTIFICAT.TYPES DE TRAVAUX POUVANT \u00caTRE SOUMIS\u00a0:Les communications pr\u00e9sent\u00e9es au congr\u00e8s, qu&rsquo;il s&rsquo;agisse d&rsquo;affiches ou de communications orales, doivent [&hellip;]<\/p>\n","protected":false},"author":23339,"featured_media":0,"parent":0,"menu_order":0,"comment_status":"open","ping_status":"open","template":"","meta":{"_et_pb_use_builder":"on","_et_pb_old_content":"<p>[et_pb_section fb_built=\"1\" admin_label=\"section\" _builder_version=\"4.16\" global_colors_info=\"{}\"][et_pb_row admin_label=\"row\" _builder_version=\"4.16\" background_size=\"initial\" background_position=\"top_left\" background_repeat=\"repeat\" global_colors_info=\"{}\"][et_pb_column type=\"4_4\" _builder_version=\"4.16\" custom_padding=\"|||\" global_colors_info=\"{}\" custom_padding__hover=\"|||\"][et_pb_image _builder_version=\"4.17.4\" _module_preset=\"default\" title_text=\"pr\u00f3ximamnete\" src=\"https:\/\/congresoterapiaocupacional.umh.es\/files\/2019\/09\/pr\u00f3ximamnete.png\" background_color=\"#FFFFFF\" align=\"center\" force_fullwidth=\"on\" animation_style=\"bounce\" hover_enabled=\"0\" sticky_enabled=\"0\"][\/et_pb_image][\/et_pb_column][\/et_pb_row][\/et_pb_section]<\/p>","_et_gb_content_width":"","_links_to":"","_links_to_target":""},"_links":{"self":[{"href":"https:\/\/congresoterapiaocupacional.umh.es\/fr\/wp-json\/wp\/v2\/pages\/30246"}],"collection":[{"href":"https:\/\/congresoterapiaocupacional.umh.es\/fr\/wp-json\/wp\/v2\/pages"}],"about":[{"href":"https:\/\/congresoterapiaocupacional.umh.es\/fr\/wp-json\/wp\/v2\/types\/page"}],"author":[{"embeddable":true,"href":"https:\/\/congresoterapiaocupacional.umh.es\/fr\/wp-json\/wp\/v2\/users\/23339"}],"replies":[{"embeddable":true,"href":"https:\/\/congresoterapiaocupacional.umh.es\/fr\/wp-json\/wp\/v2\/comments?post=30246"}],"version-history":[{"count":0,"href":"https:\/\/congresoterapiaocupacional.umh.es\/fr\/wp-json\/wp\/v2\/pages\/30246\/revisions"}],"wp:attachment":[{"href":"https:\/\/congresoterapiaocupacional.umh.es\/fr\/wp-json\/wp\/v2\/media?parent=30246"}],"curies":[{"name":"wp","href":"https:\/\/api.w.org\/{rel}","templated":true}]}}