{"id":30234,"date":"2022-11-06T11:58:45","date_gmt":"2022-11-06T11:58:45","guid":{"rendered":"https:\/\/congresoterapiaocupacional.umh.es\/?page_id=30234"},"modified":"2026-02-08T21:08:50","modified_gmt":"2026-02-08T21:08:50","slug":"conferenciers","status":"publish","type":"page","link":"https:\/\/congresoterapiaocupacional.umh.es\/fr\/conferenciers\/","title":{"rendered":"Conf\u00e9renciers"},"content":{"rendered":"<p>[et_pb_section fb_built=\u00a0\u00bb1&Prime; admin_label=\u00a0\u00bbsection\u00a0\u00bb _builder_version=\u00a0\u00bb4.16&Prime; global_colors_info=\u00a0\u00bb{}\u00a0\u00bb][et_pb_row column_structure=\u00a0\u00bb1_2,1_2&Prime; disabled_on=\u00a0\u00bboff|off|off\u00a0\u00bb _builder_version=\u00a0\u00bb4.17.4&Prime; _module_preset=\u00a0\u00bbdefault\u00a0\u00bb width=\u00a0\u00bb93.9%\u00a0\u00bb custom_margin=\u00a0\u00bb|auto||4px||\u00a0\u00bb custom_padding=\u00a0\u00bb29px|2px||176px||\u00a0\u00bb global_colors_info=\u00a0\u00bb{}\u00a0\u00bb][et_pb_column type=\u00a0\u00bb1_2&Prime; _builder_version=\u00a0\u00bb4.17.4&Prime; _module_preset=\u00a0\u00bbdefault\u00a0\u00bb global_colors_info=\u00a0\u00bb{}\u00a0\u00bb][et_pb_image src=\u00a0\u00bbhttps:\/\/congresoterapiaocupacional.umh.es\/files\/2025\/12\/WhatsApp-Image-2025-12-01-at-16.31.30-5.jpeg\u00a0\u00bb title_text=\u00a0\u00bbWhatsApp Image 2025-12-01 at 16.31.30&Prime; align=\u00a0\u00bbcenter\u00a0\u00bb _builder_version=\u00a0\u00bb4.17.4&Prime; _module_preset=\u00a0\u00bbdefault\u00a0\u00bb width=\u00a0\u00bb92.8%\u00a0\u00bb min_height=\u00a0\u00bb331.5px\u00a0\u00bb custom_margin=\u00a0\u00bb||0px|||\u00a0\u00bb custom_padding=\u00a0\u00bb|99px|0px|16px||\u00a0\u00bb global_colors_info=\u00a0\u00bb{}\u00a0\u00bb][\/et_pb_image][\/et_pb_column][et_pb_column type=\u00a0\u00bb1_2&Prime; _builder_version=\u00a0\u00bb4.17.4&Prime; _module_preset=\u00a0\u00bbdefault\u00a0\u00bb global_colors_info=\u00a0\u00bb{}\u00a0\u00bb][et_pb_button button_text=\u00a0\u00bbDRA. CRISTINA PERDOMO\u00a0\u00bb _builder_version=\u00a0\u00bb4.17.4&Prime; _module_preset=\u00a0\u00bbdefault\u00a0\u00bb custom_button=\u00a0\u00bbon\u00a0\u00bb button_text_color=\u00a0\u00bb#0C71C3&Prime; global_colors_info=\u00a0\u00bb{}\u00a0\u00bb][\/et_pb_button][et_pb_text _builder_version=\u00a0\u00bb4.17.4&Prime; _module_preset=\u00a0\u00bbdefault\u00a0\u00bb global_colors_info=\u00a0\u00bb{}\u00a0\u00bb]<\/p>\n<p><strong><span>Titre :<\/span><\/strong>\u00a0<strong>\u00a0<\/strong><span> \u00ab\u00a0<\/span><span class=\"Y2IQFc\" lang=\"fr\">Avantages de la robotique th\u00e9rapeutique comme intervention th\u00e9rapeutique pour les personnes \u00e2g\u00e9es pr\u00e9sentant des troubles cognitifs\u00a0\u00bb<\/span><\/p>\n<p><strong><span>Sommaire : <\/span><\/strong><span class=\"Y2IQFc\" lang=\"fr\">Cette conf\u00e9rence explorera les bienfaits de la th\u00e9rapie robotique comme intervention th\u00e9rapeutique pour les personnes \u00e2g\u00e9es souffrant de troubles cognitifs. Ergoth\u00e9rapeute de formation, elle a obtenu son doctorat en conception et ergonomie des technologies d&rsquo;assistance \u00e0 la r\u00e9adaptation \u00e0 l&rsquo;Universidade Estadual Paulista (Br\u00e9sil) et a effectu\u00e9 un stage postdoctoral en co-conception technologique \u00e0 l&rsquo;Universit\u00e9 du Manitoba (Canada). Elle coordonne actuellement des projets financ\u00e9s dans les domaines de la th\u00e9rapie robotique et des technologies d&rsquo;assistance \u00e0 la r\u00e9adaptation en Espagne, au Canada et au Chili.<\/span><\/p>\n<p><strong style=\"font-size: 14px\">Affiliation : <\/strong><span class=\"Y2IQFc\" lang=\"fr\" style=\"font-size: 14px\">Professeur-chercheur \u00e0 l&rsquo;Universit\u00e9 Rey Juan Carlos et membre du conseil d&rsquo;administration du R\u00e9seau europ\u00e9en d&rsquo;ergoth\u00e9rapie dans l&rsquo;enseignement sup\u00e9rieur (ENOTHE)<\/span><\/p>\n<p>[\/et_pb_text][\/et_pb_column][\/et_pb_row][et_pb_row column_structure=\u00a0\u00bb1_2,1_2&Prime; disabled_on=\u00a0\u00bbon|on|on\u00a0\u00bb _builder_version=\u00a0\u00bb4.17.4&Prime; _module_preset=\u00a0\u00bbdefault\u00a0\u00bb disabled=\u00a0\u00bbon\u00a0\u00bb global_colors_info=\u00a0\u00bb{}\u00a0\u00bb][et_pb_column type=\u00a0\u00bb1_2&Prime; _builder_version=\u00a0\u00bb4.17.4&Prime; _module_preset=\u00a0\u00bbdefault\u00a0\u00bb global_colors_info=\u00a0\u00bb{}\u00a0\u00bb][et_pb_image src=\u00a0\u00bbhttps:\/\/congresoterapiaocupacional.umh.es\/files\/2025\/02\/IMG-20250128-WA0007.jpg\u00a0\u00bb title_text=\u00a0\u00bbIMG-20250128-WA0007&Prime; align=\u00a0\u00bbcenter\u00a0\u00bb _builder_version=\u00a0\u00bb4.17.4&Prime; _module_preset=\u00a0\u00bbdefault\u00a0\u00bb global_colors_info=\u00a0\u00bb{}\u00a0\u00bb][\/et_pb_image][\/et_pb_column][et_pb_column type=\u00a0\u00bb1_2&Prime; _builder_version=\u00a0\u00bb4.17.4&Prime; _module_preset=\u00a0\u00bbdefault\u00a0\u00bb global_colors_info=\u00a0\u00bb{}\u00a0\u00bb][et_pb_button button_text=\u00a0\u00bbJo Adams\u00a0\u00bb _builder_version=\u00a0\u00bb4.17.4&Prime; _module_preset=\u00a0\u00bbdefault\u00a0\u00bb custom_button=\u00a0\u00bbon\u00a0\u00bb button_text_color=\u00a0\u00bb#0C71C3&Prime; hover_enabled=\u00a0\u00bb0&Prime; global_colors_info=\u00a0\u00bb{}\u00a0\u00bb sticky_enabled=\u00a0\u00bb0&Prime;][\/et_pb_button][et_pb_text _builder_version=\u00a0\u00bb4.17.4&Prime; _module_preset=\u00a0\u00bbdefault\u00a0\u00bb global_colors_info=\u00a0\u00bb{}\u00a0\u00bb]<\/p>\n<p><strong><span>Titre :<\/span><\/strong>\u00a0<strong>\u00a0<\/strong><span> Approches de recherche clinique en ergoth\u00e9rapie pour examiner l&rsquo;efficacit\u00e9 de l&rsquo;autogestion chez les personnes atteintes de troubles musculo-squelettiques.<\/span><\/p>\n<p><strong><span>Sommaire :<\/span><\/strong><span> <\/span><span class=\"Y2IQFc\" lang=\"fr\">Jo a obtenu son dipl\u00f4me d&rsquo;ergoth\u00e9rapeute en 1986. Elle a exerc\u00e9 au Royaume-Uni, aux \u00c9tats-Unis, au Canada, en Ouganda et au Bangladesh, dans des contextes cliniques, communautaires, caritatifs et d&rsquo;enseignement sup\u00e9rieur. Depuis 30 ans, Jo m\u00e8ne des recherches interdisciplinaires visant \u00e0 \u00e9valuer l&rsquo;efficacit\u00e9 des strat\u00e9gies d&rsquo;autogestion pour les personnes atteintes de troubles musculo-squelettiques. Toutes ses recherches sont men\u00e9es en collaboration. Elle a eu le privil\u00e8ge de travailler pendant de nombreuses ann\u00e9es avec des \u00e9quipes exceptionnelles compos\u00e9es d&rsquo;\u00e9tudiants en ergoth\u00e9rapie, de personnes atteintes de troubles musculo-squelettiques, d&rsquo;autres professionnels de la sant\u00e9, d&rsquo;ing\u00e9nieurs, de chirurgiens, de rhumatologues et de professionnels de l&rsquo;\u00e9ducation.<\/span><\/p>\n<p><strong><span>Affiliation :<\/span><\/strong><span> Professeur invit\u00e9 en sant\u00e9 musculosquelettique, responsable professionnel en ergoth\u00e9rapie, Universit\u00e9 de Southampton.<\/span><\/p>\n<p>[\/et_pb_text][et_pb_toggle title=\u00a0\u00bbR\u00c9SUM\u00c9\u00a0\u00bb disabled_on=\u00a0\u00bbon|on|on\u00a0\u00bb _builder_version=\u00a0\u00bb4.17.4&Prime; _module_preset=\u00a0\u00bbdefault\u00a0\u00bb disabled=\u00a0\u00bbon\u00a0\u00bb global_colors_info=\u00a0\u00bb{}\u00a0\u00bb]<\/p>\n<p>Cette \u00e9tude qualitative explore l&rsquo;adaptation des couples romantiques \u00e0 la perte de la vue de l&rsquo;un des partenaires et ses cons\u00e9quences dans la vie quotidienne. En appliquant une perspective professionnelle, elle examine comment les couples attribuent un sens \u00e0 leurs activit\u00e9s quotidiennes. Seize couples romands ont \u00e9t\u00e9 interrog\u00e9s entre janvier et juin 2020. L&rsquo;analyse r\u00e9v\u00e8le trois th\u00e8mes principaux : le partage des activit\u00e9s quotidiennes, l&rsquo;effet de la perte de vision sur ces activit\u00e9s et les efforts des partenaires pour maintenir leur engagement malgr\u00e9 la d\u00e9pendance croissante de l&rsquo;un d&rsquo;entre eux en raison de la perte de vision. L&rsquo;\u00e9tude met en \u00e9vidence l&rsquo;importance de la cogestion de la perte de vision dans l&rsquo;adaptation \u00e0 la d\u00e9ficience visuelle et les tensions qui peuvent na\u00eetre du remodelage des occupations des partenaires.<\/p>\n<p>[\/et_pb_toggle][\/et_pb_column][\/et_pb_row][et_pb_row column_structure=\u00a0\u00bb1_2,1_2&Prime; disabled_on=\u00a0\u00bbon|on|on\u00a0\u00bb _builder_version=\u00a0\u00bb4.17.4&Prime; _module_preset=\u00a0\u00bbdefault\u00a0\u00bb disabled=\u00a0\u00bbon\u00a0\u00bb global_colors_info=\u00a0\u00bb{}\u00a0\u00bb][et_pb_column type=\u00a0\u00bb1_2&Prime; _builder_version=\u00a0\u00bb4.17.4&Prime; _module_preset=\u00a0\u00bbdefault\u00a0\u00bb global_colors_info=\u00a0\u00bb{}\u00a0\u00bb][et_pb_image src=\u00a0\u00bbhttps:\/\/congresoterapiaocupacional.umh.es\/files\/2025\/02\/silvia-y-ana-garde.jpg\u00a0\u00bb title_text=\u00a0\u00bbsilvia y ana garde\u00a0\u00bb align=\u00a0\u00bbcenter\u00a0\u00bb _builder_version=\u00a0\u00bb4.17.4&Prime; _module_preset=\u00a0\u00bbdefault\u00a0\u00bb global_colors_info=\u00a0\u00bb{}\u00a0\u00bb][\/et_pb_image][\/et_pb_column][et_pb_column type=\u00a0\u00bb1_2&Prime; _builder_version=\u00a0\u00bb4.17.4&Prime; _module_preset=\u00a0\u00bbdefault\u00a0\u00bb global_colors_info=\u00a0\u00bb{}\u00a0\u00bb][et_pb_button button_text=\u00a0\u00bbSilvia Garcia et Ana Garde\u00a0\u00bb _builder_version=\u00a0\u00bb4.17.4&Prime; _module_preset=\u00a0\u00bbdefault\u00a0\u00bb custom_button=\u00a0\u00bbon\u00a0\u00bb button_text_color=\u00a0\u00bb#0C71C3&Prime; global_colors_info=\u00a0\u00bb{}\u00a0\u00bb][\/et_pb_button][et_pb_text _builder_version=\u00a0\u00bb4.17.4&Prime; _module_preset=\u00a0\u00bbdefault\u00a0\u00bb global_colors_info=\u00a0\u00bb{}\u00a0\u00bb]<\/p>\n<p><strong><span>Titre :<\/span><\/strong><span>\u00a0L&rsquo;ergoth\u00e9rapie dans les \u00e9quipes d&rsquo;\u00e9valuation des d\u00e9pendances et des incapacit\u00e9s.<\/span><\/p>\n<p><strong><span>Sommaire :<\/span><\/strong><span>\u00a0\u00c0 venir<\/span><\/p>\n<p><strong><span>Affiliation :\u00a0<\/span><\/strong><span>\u00a0Ergoth\u00e9rapeutes du Centre d&rsquo;\u00c9valuation, Agence Navarre pour l&rsquo;Autonomie et le D\u00e9veloppement des Personnes. D\u00e9partement des Droits Sociaux \u2013 Gouvernement de Navarre.<\/span><\/p>\n<p>[\/et_pb_text][et_pb_toggle title=\u00a0\u00bbR\u00c9SUM\u00c9\u00a0\u00bb disabled_on=\u00a0\u00bbon|on|on\u00a0\u00bb _builder_version=\u00a0\u00bb4.17.4&Prime; _module_preset=\u00a0\u00bbdefault\u00a0\u00bb disabled=\u00a0\u00bbon\u00a0\u00bb global_colors_info=\u00a0\u00bb{}\u00a0\u00bb]<\/p>\n<p>A partir de mon exp\u00e9rience professionnelle, j&rsquo;ai l&rsquo;intention d&rsquo;aborder et de partager avec ce document \u00ab\u00a0l&rsquo;intervention de l&rsquo;ergoth\u00e9rapie\u00a0\u00bb dans le domaine des addictions avec et sans substances addictives.\u00a0Je me concentrerai en particulier sur les aspects fondamentaux et sur les cl\u00e9s qui facilitent et fournissent une r\u00e9ponse de nos comp\u00e9tences professionnelles au processus complexe d&rsquo;am\u00e9lioration et de r\u00e9tablissement des patients, par le biais de l'\u00a0\u00bbOCCUPATION\u00a0\u00bb en tant que moyen et en tant que fin.\u00a0Mon exp\u00e9rience m&rsquo;a permis de comprendre que l&rsquo;autodiscipline du patient ne peut \u00eatre atteinte que par sa volont\u00e9, sa participation et son autodiscipline,\u00a0l&rsquo;autodiscipline du patient peut donner des r\u00e9sultats favorables au changement de mode de vie. Il est donc important que l&rsquo;individu se consid\u00e8re comme proactif dans le processus de changement.\u00a0En tant qu&rsquo;ergoth\u00e9rapeutes, nous \u00e9valuerons les diff\u00e9rentes circonstances professionnelles qui ont influenc\u00e9 le processus de d\u00e9pendance et g\u00e9n\u00e9r\u00e9 un mod\u00e8le professionnel dysfonctionnel ; comment elles ont directement affect\u00e9 les performances dans les domaines professionnels, le niveau d&rsquo;autonomie et d&rsquo;ind\u00e9pendance.\u00a0En r\u00e9sum\u00e9, l&rsquo;intervention au niveau de l&rsquo;individu et du groupe doit viser \u00e0 permettre ou \u00e0 r\u00e9habiliter la fonctionnalit\u00e9 professionnelle, \u00e0 r\u00e9cup\u00e9rer le mod\u00e8le et les aptitudes\/comp\u00e9tences li\u00e9s \u00e0 l&rsquo;ex\u00e9cution de la performance, et \u00e0 \u00e9tablir ou r\u00e9tablir l&rsquo;identit\u00e9 et le profil professionnels.\u00a0Notre mission est de mettre en \u0153uvre les processus de formation n\u00e9cessaires pour parvenir \u00e0 l&rsquo;insertion professionnelle et soutenir la r\u00e9alisation d&rsquo;une performance fonctionnelle, adaptative et efficace dans le contexte communautaire.<\/p>\n<p>[\/et_pb_toggle][\/et_pb_column][\/et_pb_row][et_pb_row column_structure=\u00a0\u00bb1_2,1_2&Prime; disabled_on=\u00a0\u00bbon|on|on\u00a0\u00bb _builder_version=\u00a0\u00bb4.17.4&Prime; _module_preset=\u00a0\u00bbdefault\u00a0\u00bb disabled=\u00a0\u00bbon\u00a0\u00bb global_colors_info=\u00a0\u00bb{}\u00a0\u00bb][et_pb_column type=\u00a0\u00bb1_2&Prime; _builder_version=\u00a0\u00bb4.17.4&Prime; _module_preset=\u00a0\u00bbdefault\u00a0\u00bb global_colors_info=\u00a0\u00bb{}\u00a0\u00bb][et_pb_image src=\u00a0\u00bbhttps:\/\/congresoterapiaocupacional.umh.es\/files\/2025\/01\/Anita.jpeg\u00a0\u00bb title_text=\u00a0\u00bbAnita\u00a0\u00bb align=\u00a0\u00bbcenter\u00a0\u00bb _builder_version=\u00a0\u00bb4.17.4&Prime; _module_preset=\u00a0\u00bbdefault\u00a0\u00bb global_colors_info=\u00a0\u00bb{}\u00a0\u00bb][\/et_pb_image][\/et_pb_column][et_pb_column type=\u00a0\u00bb1_2&Prime; _builder_version=\u00a0\u00bb4.17.4&Prime; _module_preset=\u00a0\u00bbdefault\u00a0\u00bb global_colors_info=\u00a0\u00bb{}\u00a0\u00bb][et_pb_button button_text=\u00a0\u00bbANITA ATWAL\u00a0\u00bb _builder_version=\u00a0\u00bb4.17.4&Prime; _module_preset=\u00a0\u00bbdefault\u00a0\u00bb custom_button=\u00a0\u00bbon\u00a0\u00bb button_text_color=\u00a0\u00bb#0C71C3&Prime; global_colors_info=\u00a0\u00bb{}\u00a0\u00bb][\/et_pb_button][et_pb_text _builder_version=\u00a0\u00bb4.17.4&Prime; _module_preset=\u00a0\u00bbdefault\u00a0\u00bb global_colors_info=\u00a0\u00bb{}\u00a0\u00bb]<\/p>\n<p><strong>Titre :Les ergoth\u00e9rapeutes devraient cesser de promettre qu&rsquo;ils peuvent changer le monde. Appel \u00e0 l&rsquo;action<\/strong><\/p>\n<p><strong>Sommaire :<\/strong><\/p>\n<p>Cette conf\u00e9rence abordera les d\u00e9fis et enjeux mondiaux qui ont un impact sur les ergoth\u00e9rapeutes. En tant que professionnels en ergoth\u00e9rapie, nous devons comprendre l\u2019influence que nous avons sur les changements soci\u00e9taux. Bien qu&rsquo;il soit important de plaider en faveur d&rsquo;am\u00e9liorations syst\u00e9miques et de l&rsquo;\u00e9galit\u00e9 des chances, nous ne pouvons pas promettre que nous pouvons, \u00e0 nous seuls, transformer la soci\u00e9t\u00e9. Le changement au niveau soci\u00e9tal n\u00e9cessite des efforts de collaboration entre plusieurs disciplines et secteurs. Si nous ne tenons pas nos promesses, nous risquons de perdre la confiance de ceux que nous aidons et de cr\u00e9er des attentes irr\u00e9alistes qui d\u00e9passent nos capacit\u00e9s professionnelles. Cette conf\u00e9rence s&rsquo;appuiera sur des recherches men\u00e9es aupr\u00e8s de diverses communaut\u00e9s et d&rsquo;ergoth\u00e9rapeutes pour cr\u00e9er un plan d\u2019action permettant de repenser et \u00e9ventuellement de red\u00e9finir les obstacles et les leviers de l&rsquo;ergoth\u00e9rapie dans un monde global en mutation.<\/p>\n<p><strong>Adh\u00e9sion :<\/strong>\u00a0\u00e0 venir<\/p>\n<p>[\/et_pb_text][et_pb_toggle title=\u00a0\u00bbR\u00c9SUM\u00c9\u00a0\u00bb disabled_on=\u00a0\u00bbon|on|on\u00a0\u00bb _builder_version=\u00a0\u00bb4.17.4&Prime; _module_preset=\u00a0\u00bbdefault\u00a0\u00bb disabled=\u00a0\u00bbon\u00a0\u00bb global_colors_info=\u00a0\u00bb{}\u00a0\u00bb]<\/p>\n<p>La sexualit\u00e9 humaine est une source de sant\u00e9 et de bien-\u00eatre qui repr\u00e9sente une charge professionnelle importante pour les personnes et, par cons\u00e9quent, \u00e9galement pour les femmes handicap\u00e9es (malgr\u00e9 les barri\u00e8res et les mythes associ\u00e9s auxquels elles sont confront\u00e9es). C&rsquo;est pourquoi, d&rsquo;un point de vue professionnel, nous proposons des ateliers sur l&rsquo;autonomie sexuelle pour les femmes handicap\u00e9es organis\u00e9s par \u00ab\u00a0Marina Joven Terapia Ocupacional\u00a0\u00bb, dont l&rsquo;objectif principal est de promouvoir l&rsquo;autonomie sexuelle des participantes, en tenant compte d&rsquo;une perspective inclusive et d&rsquo;une perspective de genre. Les diff\u00e9rentes s\u00e9ances d&rsquo;ergoth\u00e9rapie permettront de faire tomber les barri\u00e8res existantes et de travailler sur les mythes associ\u00e9s \u00e0 partir d&rsquo;une \u00e9ducation bas\u00e9e sur la sexualit\u00e9 humaine.<\/p>\n<p>[\/et_pb_toggle][\/et_pb_column][\/et_pb_row][et_pb_row column_structure=\u00a0\u00bb1_2,1_2&Prime; disabled_on=\u00a0\u00bbon|on|on\u00a0\u00bb _builder_version=\u00a0\u00bb4.17.4&Prime; _module_preset=\u00a0\u00bbdefault\u00a0\u00bb disabled=\u00a0\u00bbon\u00a0\u00bb global_colors_info=\u00a0\u00bb{}\u00a0\u00bb][et_pb_column type=\u00a0\u00bb1_2&Prime; _builder_version=\u00a0\u00bb4.17.4&Prime; _module_preset=\u00a0\u00bbdefault\u00a0\u00bb global_colors_info=\u00a0\u00bb{}\u00a0\u00bb][et_pb_image src=\u00a0\u00bbhttps:\/\/congresoterapiaocupacional.umh.es\/files\/2025\/01\/IMG-20250124-WA0006.jpg\u00a0\u00bb title_text=\u00a0\u00bbIMG-20250124-WA0006&Prime; align=\u00a0\u00bbcenter\u00a0\u00bb _builder_version=\u00a0\u00bb4.17.4&Prime; _module_preset=\u00a0\u00bbdefault\u00a0\u00bb width=\u00a0\u00bb100%\u00a0\u00bb global_colors_info=\u00a0\u00bb{}\u00a0\u00bb][\/et_pb_image][\/et_pb_column][et_pb_column type=\u00a0\u00bb1_2&Prime; _builder_version=\u00a0\u00bb4.17.4&Prime; _module_preset=\u00a0\u00bbdefault\u00a0\u00bb global_colors_info=\u00a0\u00bb{}\u00a0\u00bb][et_pb_button button_url=\u00a0\u00bbhttps:\/\/docs.google.com\/document\/d\/1GlOZiEyEqP_VrZjjCOpGtpf4Pw33VunBN613mfCqliA\/edit?usp=sharing\u00a0\u00bb url_new_window=\u00a0\u00bbon\u00a0\u00bb button_text=\u00a0\u00bbDaniel C\u00e9sar da Cruz\u00a0\u00bb _builder_version=\u00a0\u00bb4.17.4&Prime; _module_preset=\u00a0\u00bbdefault\u00a0\u00bb custom_button=\u00a0\u00bbon\u00a0\u00bb button_text_color=\u00a0\u00bb#0C71C3&Prime; global_colors_info=\u00a0\u00bb{}\u00a0\u00bb][\/et_pb_button][et_pb_text _builder_version=\u00a0\u00bb4.17.4&Prime; _module_preset=\u00a0\u00bbdefault\u00a0\u00bb global_colors_info=\u00a0\u00bb{}\u00a0\u00bb]<\/p>\n<p><strong>Titre :<\/strong>\u00a0Pourquoi avons-nous besoin d\u2019une pratique centr\u00e9e sur l\u2019occupation en ergoth\u00e9rapie ?<\/p>\n<p><strong>R\u00e9sum\u00e9 :<\/strong>\u00a0\u00c0 venir.<\/p>\n<p><strong>Affiliation :\u00a0<\/strong>Ma\u00eetre de conf\u00e9rences \u00e0 l&rsquo;Universit\u00e9 de Leeds Beckett, Royaume-Uni.<\/p>\n<p>[\/et_pb_text][et_pb_toggle title=\u00a0\u00bbR\u00c9SUM\u00c9\u00a0\u00bb disabled_on=\u00a0\u00bbon|on|on\u00a0\u00bb _builder_version=\u00a0\u00bb4.17.4&Prime; _module_preset=\u00a0\u00bbdefault\u00a0\u00bb disabled=\u00a0\u00bbon\u00a0\u00bb global_colors_info=\u00a0\u00bb{}\u00a0\u00bb]<\/p>\n<p>L&rsquo;ergoth\u00e9rapie peut contribuer \u00e0 la pr\u00e9vention de la d\u00e9pendance et \u00e0 l&rsquo;am\u00e9lioration de la sant\u00e9 et de la qualit\u00e9 de vie des personnes dans les soins primaires, la porte d&rsquo;entr\u00e9e du r\u00e9seau de ressources de sant\u00e9 et de soins communautaires, qui offre ses services dans les zones de sant\u00e9 de base et en coordination avec le service de r\u00e9f\u00e9rence RHB et l&rsquo;EBAP (\u00e9quipe de soins primaires de base). Afin de conna\u00eetre l&rsquo;incursion de l&rsquo;ergoth\u00e9rapie dans les soins primaires, une description de l&rsquo;histoire de l&rsquo;ergoth\u00e9rapie dans les soins primaires en Andalousie (2003) et de son \u00e9volution jusqu&rsquo;\u00e0 aujourd&rsquo;hui sera donn\u00e9e. Les fonctions de l&rsquo;ergoth\u00e9rapeute en soins primaires et son portefeuille de services seront expliqu\u00e9s, avec les particularit\u00e9s de l&rsquo;ergoth\u00e9rapie en \u00e9quipement mobile et de l&rsquo;ergoth\u00e9rapie dans le service d&rsquo;un centre de soins primaires. La majeure partie de la pr\u00e9sentation sera consacr\u00e9e \u00e0 ma propre exp\u00e9rience dans le dispositif de soutien de Grenade Sud, dans ses caract\u00e9ristiques en termes de dispersion g\u00e9ographique, d&rsquo;organigramme de r\u00e9f\u00e9rence, de processus les plus fr\u00e9quents et de types de patients, de caract\u00e9ristiques de la salle d&rsquo;ergoth\u00e9rapie dans le centre de soins primaires et de besoins mat\u00e9riels, de travail communautaire et multidisciplinaire avec l&rsquo;\u00e9quipe EBAP (\u00e9quipe de soins primaires de base) et d&rsquo;autres professionnels du service de r\u00e9adaptation. Pour conclure, je donnerai un bref aper\u00e7u du travail actuel auquel je collabore activement pour l&rsquo;am\u00e9lioration des soins primaires en Andalousie.<\/p>\n<p>[\/et_pb_toggle][\/et_pb_column][\/et_pb_row][et_pb_row column_structure=\u00a0\u00bb1_2,1_2&Prime; disabled_on=\u00a0\u00bbon|on|on\u00a0\u00bb _builder_version=\u00a0\u00bb4.17.4&Prime; _module_preset=\u00a0\u00bbdefault\u00a0\u00bb disabled=\u00a0\u00bbon\u00a0\u00bb global_colors_info=\u00a0\u00bb{}\u00a0\u00bb][et_pb_column type=\u00a0\u00bb1_2&Prime; _builder_version=\u00a0\u00bb4.17.4&Prime; _module_preset=\u00a0\u00bbdefault\u00a0\u00bb global_colors_info=\u00a0\u00bb{}\u00a0\u00bb][et_pb_image src=\u00a0\u00bbhttps:\/\/congresoterapiaocupacional.umh.es\/files\/2025\/05\/Imagen-de-WhatsApp-2025-05-07-a-las-12.38.44_abd5a967.jpg\u00a0\u00bb title_text=\u00a0\u00bbImagen de WhatsApp 2025-05-07 a las 12.38.44_abd5a967&Prime; align=\u00a0\u00bbcenter\u00a0\u00bb _builder_version=\u00a0\u00bb4.17.4&Prime; _module_preset=\u00a0\u00bbdefault\u00a0\u00bb width=\u00a0\u00bb70%\u00a0\u00bb global_colors_info=\u00a0\u00bb{}\u00a0\u00bb][\/et_pb_image][\/et_pb_column][et_pb_column type=\u00a0\u00bb1_2&Prime; _builder_version=\u00a0\u00bb4.17.4&Prime; _module_preset=\u00a0\u00bbdefault\u00a0\u00bb global_colors_info=\u00a0\u00bb{}\u00a0\u00bb][et_pb_button button_url=\u00a0\u00bbhttps:\/\/docs.google.com\/document\/d\/18HRXQmhGTj2IqWcQZkAplqwgzNYMIcvH\/edit\u00a0\u00bb url_new_window=\u00a0\u00bbon\u00a0\u00bb button_text=\u00a0\u00bbJULIENNE DEVROEDT\u00a0\u00bb _builder_version=\u00a0\u00bb4.17.4&Prime; _module_preset=\u00a0\u00bbdefault\u00a0\u00bb custom_button=\u00a0\u00bbon\u00a0\u00bb button_text_color=\u00a0\u00bb#0C71C3&Prime; global_colors_info=\u00a0\u00bb{}\u00a0\u00bb][\/et_pb_button][et_pb_text _builder_version=\u00a0\u00bb4.17.4&Prime; _module_preset=\u00a0\u00bbdefault\u00a0\u00bb global_colors_info=\u00a0\u00bb{}\u00a0\u00bb]<\/p>\n<p><strong>Titre :<\/strong> <span style=\"font-weight: 400\">L&rsquo;apprentissage par projet : faciliter de d\u00e9veloppement de comp\u00e9tence chez les \u00e9tudiants Ergoth\u00e9rapeute<\/span><\/p>\n<p><strong>Sommaire\u00a0<\/strong>L\u2019apprentissage par projet ou Project Based Learning (PBL) est utilis\u00e9 dans la formation initiale des ergoth\u00e9rapeutes afin de construire leur apprentissage. Il s\u2019appuie sur les th\u00e9ories du socio-constructivisme, de la p\u00e9dagogie active et de l\u2019apprentissage exp\u00e9rientiel (Piaget, Vygotsky, Kolb). Au travers de l\u2019apprentissage par projet, les \u00e9tudiants construisent leurs comp\u00e9tences professionnelles en concevant des solutions concr\u00e8tes \u00e0 des probl\u00e8mes contextualis\u00e9s. Trois exemples viendront illustrer cette m\u00e9thode. Un retour d\u2019exp\u00e9rience d\u2019\u00e9tudiants et de professeurs permettra de discuter de l\u2019int\u00e9r\u00eat de l&rsquo;apprentissage par projet dans le cursus de formation mais \u00e9galement des limites et contraintes rencontr\u00e9es. L\u2019apprentissage par projet n\u2019est pas tr\u00e8s \u00e9loign\u00e9 de l\u2019ergoth\u00e9rapie. Un parall\u00e8le entre celui-ci et l\u2019approche centr\u00e9e sur l\u2019occupation peut \u00eatre fait. Nous retrouvons dans ces deux pratiques une recherche de sens pour le public cibl\u00e9, une mise en activit\u00e9 rapide, un engagement motivationnel. Nous retrouvons \u00e9galement des points communs dans les limites de ses pratiques, comme l\u2019investissement du professionnel, son adaptabilit\u00e9 et le temps n\u00e9cessaire \u00e0 organiser le suivi<\/p>\n<p><strong>Affiliation :<\/strong> Ergoth\u00e9rapeute De et Coordinatrice p\u00e9dagogique Ecole d&rsquo;ASSAS.<\/p>\n<p>[\/et_pb_text][et_pb_toggle title=\u00a0\u00bbR\u00c9SUM\u00c9\u00a0\u00bb disabled_on=\u00a0\u00bbon|on|on\u00a0\u00bb _builder_version=\u00a0\u00bb4.17.4&Prime; _module_preset=\u00a0\u00bbdefault\u00a0\u00bb disabled=\u00a0\u00bbon\u00a0\u00bb global_colors_info=\u00a0\u00bb{}\u00a0\u00bb]<\/p>\n<p>En Europe et dans le monde, un nombre croissant de personnes vivent avec des maladies potentiellement mortelles.\u00a0Parall\u00e8lement, les services de soins de sant\u00e9, tels que les soins palliatifs, sont de plus en plus fournis sur place\u00a0en ambulatoire et les personnes en fin de vie doivent donc g\u00e9rer leur\u00a0circonstances dans leur propre milieu de vie. Ces conditions soul\u00e8vent d\u2019importantes\u00a0d\u00e9fis auxquels sont confront\u00e9es les soci\u00e9t\u00e9s et les services de sant\u00e9 pour soutenir les personnes atteintes d&rsquo;une limitation de l&rsquo;esp\u00e9rance de vie\u00a0maladies et leurs familles \u00e0 g\u00e9rer leur vie \u00e0 la maison le plus longtemps possible.\u00a0L&rsquo;ergoth\u00e9rapie, qui met l&rsquo;accent sur l&rsquo;occupation et la vie quotidienne, peut \u00eatre utile. Une grande importance pour les personnes vivant avec des maladies limitant l\u2019esp\u00e9rance de vie. Ainsi, un nombre croissant de\u00a0Des \u00e9tudes de recherche explorent l\u2019ergoth\u00e9rapie dans le cadre des soins palliatifs. Les soins palliatifs se sont d\u00e9velopp\u00e9s\u00a0hors de la tradition des soins palliatifs et s&rsquo;adressait principalement aux personnes atteintes de maladies limitant l&rsquo;esp\u00e9rance de vie\u00a0face \u00e0 la fin de la vie. Avec l\u2019augmentation du nombre de personnes vivant avec des maladies limitant l\u2019esp\u00e9rance de vie pendant de longues p\u00e9riodes\u00a0p\u00e9riodes de temps, on a pris conscience que ces personnes, bien qu&rsquo;elles soient confront\u00e9es \u00e0\u00a0la fin de la vie peut b\u00e9n\u00e9ficier \u00e0 la fois de soins de r\u00e9adaptation et de soins palliatifs.<br \/>En mettant l&rsquo;accent sur l&rsquo;occupation et la vie quotidienne et en proposant de l&rsquo;ergoth\u00e9rapie\u00a0bas\u00e9e sur l&rsquo;occupation comme moyen et comme fin, il est possible d&rsquo;int\u00e9grer des principes de\u00a0r\u00e9adaptation et soins palliatifs et favorisant ainsi la qualit\u00e9 de vie des personnes ayant des probl\u00e8mes de vie.Limiter la maladie.<\/p>\n<p>[\/et_pb_toggle][\/et_pb_column][\/et_pb_row][et_pb_row disabled_on=\u00a0\u00bbon|on|on\u00a0\u00bb _builder_version=\u00a0\u00bb4.17.4&Prime; _module_preset=\u00a0\u00bbdefault\u00a0\u00bb disabled=\u00a0\u00bbon\u00a0\u00bb global_colors_info=\u00a0\u00bb{}\u00a0\u00bb][et_pb_column type=\u00a0\u00bb4_4&Prime; _builder_version=\u00a0\u00bb4.17.4&Prime; _module_preset=\u00a0\u00bbdefault\u00a0\u00bb global_colors_info=\u00a0\u00bb{}\u00a0\u00bb][et_pb_image src=\u00a0\u00bbhttps:\/\/congresoterapiaocupacional.umh.es\/files\/2025\/10\/2-1.png\u00a0\u00bb title_text=\u00a0\u00bb2&Prime; _builder_version=\u00a0\u00bb4.17.4&Prime; _module_preset=\u00a0\u00bbdefault\u00a0\u00bb global_colors_info=\u00a0\u00bb{}\u00a0\u00bb][\/et_pb_image][\/et_pb_column][\/et_pb_row][\/et_pb_section]<\/p>\n","protected":false},"excerpt":{"rendered":"<p>Titre :\u00a0\u00a0 \u00ab\u00a0Avantages de la robotique th\u00e9rapeutique comme intervention th\u00e9rapeutique pour les personnes \u00e2g\u00e9es pr\u00e9sentant des troubles cognitifs\u00a0\u00bb Sommaire : Cette conf\u00e9rence explorera les bienfaits de la th\u00e9rapie robotique comme intervention th\u00e9rapeutique pour les personnes \u00e2g\u00e9es souffrant de troubles cognitifs. Ergoth\u00e9rapeute de formation, elle a obtenu son doctorat en conception et ergonomie des technologies d&rsquo;assistance [&hellip;]<\/p>\n","protected":false},"author":23339,"featured_media":0,"parent":0,"menu_order":0,"comment_status":"open","ping_status":"closed","template":"","meta":{"_et_pb_use_builder":"on","_et_pb_old_content":"<p>[et_pb_section fb_built=\"1\" admin_label=\"section\" _builder_version=\"4.16\" global_colors_info=\"{}\"][et_pb_row _builder_version=\"4.17.4\" _module_preset=\"default\" global_colors_info=\"{}\"][et_pb_column type=\"4_4\" _builder_version=\"4.17.4\" _module_preset=\"default\" global_colors_info=\"{}\"][et_pb_image src=\"https:\/\/congresoterapiaocupacional.umh.es\/files\/2019\/09\/pr\u00f3ximamnete.png\" title_text=\"pr\u00f3ximamnete\" align=\"center\" force_fullwidth=\"on\" _builder_version=\"4.17.4\" _module_preset=\"default\" background_color=\"#FFFFFF\" animation_style=\"bounce\" global_colors_info=\"{}\"][\/et_pb_image][\/et_pb_column][\/et_pb_row][\/et_pb_section]<\/p>","_et_gb_content_width":"","_links_to":"","_links_to_target":""},"_links":{"self":[{"href":"https:\/\/congresoterapiaocupacional.umh.es\/fr\/wp-json\/wp\/v2\/pages\/30234"}],"collection":[{"href":"https:\/\/congresoterapiaocupacional.umh.es\/fr\/wp-json\/wp\/v2\/pages"}],"about":[{"href":"https:\/\/congresoterapiaocupacional.umh.es\/fr\/wp-json\/wp\/v2\/types\/page"}],"author":[{"embeddable":true,"href":"https:\/\/congresoterapiaocupacional.umh.es\/fr\/wp-json\/wp\/v2\/users\/23339"}],"replies":[{"embeddable":true,"href":"https:\/\/congresoterapiaocupacional.umh.es\/fr\/wp-json\/wp\/v2\/comments?post=30234"}],"version-history":[{"count":0,"href":"https:\/\/congresoterapiaocupacional.umh.es\/fr\/wp-json\/wp\/v2\/pages\/30234\/revisions"}],"wp:attachment":[{"href":"https:\/\/congresoterapiaocupacional.umh.es\/fr\/wp-json\/wp\/v2\/media?parent=30234"}],"curies":[{"name":"wp","href":"https:\/\/api.w.org\/{rel}","templated":true}]}}